{"id":1880,"date":"2023-02-19T19:38:37","date_gmt":"2023-02-19T18:38:37","guid":{"rendered":"https:\/\/calendula.hu\/?page_id=1880"},"modified":"2026-04-08T12:30:11","modified_gmt":"2026-04-08T10:30:11","slug":"ayurveda-etterem","status":"publish","type":"page","link":"https:\/\/calendula.hu\/hu\/ayurveda-etterem\/","title":{"rendered":"Sz\u00e1ll\u00e1s, \u00e9tkez\u00e9s &#8211; \u00c9tterem"},"content":{"rendered":"\t\t<div data-elementor-type=\"wp-page\" data-elementor-id=\"1880\" class=\"elementor elementor-1880\" data-elementor-post-type=\"page\">\n\t\t\t\t\t\t<section class=\"elementor-section elementor-top-section elementor-element elementor-element-38f177a elementor-section-full_width elementor-section-height-default elementor-section-height-default\" data-id=\"38f177a\" data-element_type=\"section\" data-e-type=\"section\">\n\t\t\t\t\t\t<div class=\"elementor-container elementor-column-gap-no\">\n\t\t\t\t\t<div class=\"elementor-column elementor-col-100 elementor-top-column elementor-element elementor-element-4570fba\" data-id=\"4570fba\" data-element_type=\"column\" data-e-type=\"column\">\n\t\t\t<div class=\"elementor-widget-wrap elementor-element-populated\">\n\t\t\t\t\t\t<div class=\"elementor-element elementor-element-4870b23 elementor-align-center elementor-widget elementor-widget-pages-restaurant-banner\" data-id=\"4870b23\" data-element_type=\"widget\" data-e-type=\"widget\" data-widget_type=\"pages-restaurant-banner.default\">\n\t\t\t\t<div class=\"elementor-widget-container\">\n\t\t\t\t\t\r\n\t\t<header class=\"header slider\">\r\n\t\t\t<div class=\"owl-carousel owl-theme\">\r\n\t\t\t\t<!-- The opacity on the image is made with \"data-overlay-dark=\"number\". You can change it using the numbers 0-9. -->\r\n\t\t\t\t\t\t\t\t\t\t\t\t\t\t\t<div class=\"text-center item bg-img\" data-overlay-dark=\"3\" data-background=\"https:\/\/calendula.hu\/wp-content\/uploads\/2023\/02\/CALENDULA_260.jpg\"><\/div>\r\n\t\t\t\t\t\t\t\t\t\t\t\t\t\t\t\t\t\t\t\t<div class=\"text-center item bg-img\" data-overlay-dark=\"3\" data-background=\"https:\/\/calendula.hu\/wp-content\/uploads\/2023\/02\/CALENDULA_258.jpg\"><\/div>\r\n\t\t\t\t\t\t\t\t\t\t\t\t\t\t\t\t\t\t\t\t<div class=\"text-center item bg-img\" data-overlay-dark=\"3\" data-background=\"https:\/\/calendula.hu\/wp-content\/uploads\/2023\/02\/CALENDULA_259.jpg\"><\/div>\r\n\t\t\t\t\t\t\t\t\t\t\t\t\t\t\t\t\t\t\t\t<div class=\"text-center item bg-img\" data-overlay-dark=\"3\" data-background=\"https:\/\/calendula.hu\/wp-content\/uploads\/2023\/02\/CALENDULA_261.jpg\"><\/div>\r\n\t\t\t\t\t\t\t\t\t\t\t\t<\/div>\r\n\t\t\t<!-- arrow down -->\r\n\t\t\t<div class=\"arrow bounce text-center\">\r\n\t\t\t\t<a href=\"#\" data-scroll-nav=\"1\" class=\"\"> <i class=\"ti-arrow-down\"><\/i> <\/a>\r\n\t\t\t<\/div>\r\n\t\t<\/header>\r\n\r\n\t\t\r\n\t\t\t\t\t<\/div>\n\t\t\t\t<\/div>\n\t\t\t\t\t<\/div>\n\t\t<\/div>\n\t\t\t\t\t<\/div>\n\t\t<\/section>\n\t\t<div class=\"elementor-element elementor-element-b77e5f2 e-ecs-flex e-flex e-con-boxed e-con e-parent\" data-id=\"b77e5f2\" data-element_type=\"container\" data-e-type=\"container\" data-settings=\"{&quot;shape_divider_top&quot;:&quot;opacity-tilt&quot;,&quot;shape_divider_bottom&quot;:&quot;opacity-fan&quot;,&quot;ecs_container_type&quot;:&quot;flex&quot;}\">\n\t\t\t\t\t<div class=\"e-con-inner\">\n\t\t\t\t<div class=\"elementor-shape elementor-shape-top\" aria-hidden=\"true\" data-negative=\"false\">\n\t\t\t<svg xmlns=\"http:\/\/www.w3.org\/2000\/svg\" viewBox=\"0 0 2600 131.1\" preserveAspectRatio=\"none\">\n\t<path class=\"elementor-shape-fill\" d=\"M0 0L2600 0 2600 69.1 0 0z\"\/>\n\t<path class=\"elementor-shape-fill\" style=\"opacity:0.5\" d=\"M0 0L2600 0 2600 69.1 0 69.1z\"\/>\n\t<path class=\"elementor-shape-fill\" style=\"opacity:0.25\" d=\"M2600 0L0 0 0 130.1 2600 69.1z\"\/>\n<\/svg>\t\t<\/div>\n\t\t\t\t<div class=\"elementor-shape elementor-shape-bottom\" aria-hidden=\"true\" data-negative=\"false\">\n\t\t\t<svg xmlns=\"http:\/\/www.w3.org\/2000\/svg\" viewBox=\"0 0 283.5 19.6\" preserveAspectRatio=\"none\">\n\t<path class=\"elementor-shape-fill\" style=\"opacity:0.33\" d=\"M0 0L0 18.8 141.8 4.1 283.5 18.8 283.5 0z\"\/>\n\t<path class=\"elementor-shape-fill\" style=\"opacity:0.33\" d=\"M0 0L0 12.6 141.8 4 283.5 12.6 283.5 0z\"\/>\n\t<path class=\"elementor-shape-fill\" style=\"opacity:0.33\" d=\"M0 0L0 6.4 141.8 4 283.5 6.4 283.5 0z\"\/>\n\t<path class=\"elementor-shape-fill\" d=\"M0 0L0 1.2 141.8 4 283.5 1.2 283.5 0z\"\/>\n<\/svg>\t\t<\/div>\n\t\t\t\t<div class=\"elementor-element elementor-element-9517a8c elementor-widget elementor-widget-heading\" data-id=\"9517a8c\" data-element_type=\"widget\" data-e-type=\"widget\" data-widget_type=\"heading.default\">\n\t\t\t\t<div class=\"elementor-widget-container\">\n\t\t\t\t\t<div class=\"elementor-heading-title elementor-size-default\">Ayurv\u00e9dikus \u00e9s veget\u00e1ri\u00e1nus \u00e9tkez\u00e9s<\/div>\t\t\t\t<\/div>\n\t\t\t\t<\/div>\n\t\t\t\t<div class=\"elementor-element elementor-element-63f0188 elementor-widget elementor-widget-heading\" data-id=\"63f0188\" data-element_type=\"widget\" data-e-type=\"widget\" data-widget_type=\"heading.default\">\n\t\t\t\t<div class=\"elementor-widget-container\">\n\t\t\t\t\t<div class=\"elementor-heading-title elementor-size-default\">Calendula \u00c9tterem<\/div>\t\t\t\t<\/div>\n\t\t\t\t<\/div>\n\t\t\t\t<div class=\"elementor-element elementor-element-a7954aa elementor-widget elementor-widget-text-editor\" data-id=\"a7954aa\" data-element_type=\"widget\" data-e-type=\"widget\" data-widget_type=\"text-editor.default\">\n\t\t\t\t<div class=\"elementor-widget-container\">\n\t\t\t\t\t\t\t\t\t<p>A Calendula \u00c9tterem az ayurv\u00e9dikus \u00e9tkez\u00e9si filoz\u00f3fi\u00e1t \u00fclteti gyakorlatba: minden fog\u00e1s a vend\u00e9g egy\u00e9ni alkat\u00e1hoz \u00e9s em\u00e9szt\u00e9s\u00e9hez igazodik. \u00c9teleink friss, szezonalit\u00e1st szem el\u0151tt tart\u00f3, lehet\u0151leg biogazd\u00e1lkod\u00e1sb\u00f3l sz\u00e1rmaz\u00f3 alapanyagokb\u00f3l k\u00e9sz\u00fclnek.<\/p>\t\t\t\t\t\t\t\t<\/div>\n\t\t\t\t<\/div>\n\t\t\t\t<div class=\"elementor-element elementor-element-def6283 elementor-widget elementor-widget-text-editor\" data-id=\"def6283\" data-element_type=\"widget\" data-e-type=\"widget\" data-widget_type=\"text-editor.default\">\n\t\t\t\t<div class=\"elementor-widget-container\">\n\t\t\t\t\t\t\t\t\t<p>\u00a0Az Ayurv\u00e9da szerint az \u00e9tkez\u00e9s nem csup\u00e1n a test t\u00e1pl\u00e1l\u00e1sa, hanem az egyens\u00faly helyre\u00e1ll\u00edt\u00e1s\u00e1nak kulcsa is. A Calendula \u00c9tteremben olyan men\u00fcket \u00e1ll\u00edtunk \u00f6ssze, amelyek figyelembe veszik a vend\u00e9gek dosha-t\u00edpus\u00e1t, em\u00e9szt\u0151t\u00fcz\u00e9t (agni), \u00e9s aktu\u00e1lis \u00e1llapot\u00e1t.<\/p><p>Veget\u00e1ri\u00e1nus \u00e9teleink nemcsak \u00edzletesek \u00e9s t\u00e1pl\u00e1l\u00f3ak, de seg\u00edtik a detoxik\u00e1l\u00e1st, az immunrendszer er\u0151s\u00edt\u00e9s\u00e9t \u00e9s a ment\u00e1lis frissess\u00e9get is. Az \u00e9tkez\u00e9s n\u00e1lunk tudatos szertart\u00e1s, amely kieg\u00e9sz\u00edti a kezel\u00e9seket \u00e9s t\u00e1mogatja a gy\u00f3gyul\u00e1st.<\/p><p>A Calendula \u00c9tterem ide\u00e1lis mindazoknak, akik ayurv\u00e9dikus programon vesznek r\u00e9szt, de azoknak is, akik egy t\u00e9nylegesen tudatos \u00e9tkez\u00e9si \u00e9lm\u00e9nyre v\u00e1gynak.<\/p>\t\t\t\t\t\t\t\t<\/div>\n\t\t\t\t<\/div>\n\t\t\t\t\t<\/div>\n\t\t\t\t<\/div>\n\t\t\t\t<section class=\"elementor-section elementor-top-section elementor-element elementor-element-a104bdc elementor-section-boxed elementor-section-height-default elementor-section-height-default\" data-id=\"a104bdc\" data-element_type=\"section\" data-e-type=\"section\">\n\t\t\t\t\t\t<div class=\"elementor-container elementor-column-gap-default\">\n\t\t\t\t\t<div class=\"elementor-column elementor-col-100 elementor-top-column elementor-element elementor-element-36af4e4\" data-id=\"36af4e4\" data-element_type=\"column\" data-e-type=\"column\">\n\t\t\t<div class=\"elementor-widget-wrap elementor-element-populated\">\n\t\t\t\t\t\t<div class=\"elementor-element elementor-element-4b27741 elementor-widget elementor-widget-heading\" data-id=\"4b27741\" data-element_type=\"widget\" data-e-type=\"widget\" data-widget_type=\"heading.default\">\n\t\t\t\t<div class=\"elementor-widget-container\">\n\t\t\t\t\t<h2 class=\"elementor-heading-title elementor-size-default\">\" Az \u00e9tel legyen a gy\u00f3gyszered \u00e9s a gy\u00f3gyszer az \u00e9teled.\" (Hippokrat\u00e9sz)<\/h2>\t\t\t\t<\/div>\n\t\t\t\t<\/div>\n\t\t\t\t<div class=\"elementor-element elementor-element-5e6aa80 elementor-widget elementor-widget-gallery\" data-id=\"5e6aa80\" data-element_type=\"widget\" data-e-type=\"widget\" data-settings=\"{&quot;columns&quot;:3,&quot;gap&quot;:{&quot;unit&quot;:&quot;px&quot;,&quot;size&quot;:15,&quot;sizes&quot;:[]},&quot;aspect_ratio&quot;:&quot;4:3&quot;,&quot;gallery_layout&quot;:&quot;grid&quot;,&quot;columns_tablet&quot;:2,&quot;columns_mobile&quot;:1,&quot;gap_tablet&quot;:{&quot;unit&quot;:&quot;px&quot;,&quot;size&quot;:10,&quot;sizes&quot;:[]},&quot;gap_mobile&quot;:{&quot;unit&quot;:&quot;px&quot;,&quot;size&quot;:10,&quot;sizes&quot;:[]},&quot;overlay_background&quot;:&quot;yes&quot;,&quot;content_hover_animation&quot;:&quot;fade-in&quot;}\" data-widget_type=\"gallery.default\">\n\t\t\t\t<div class=\"elementor-widget-container\">\n\t\t\t\t\t\t\t<div class=\"elementor-gallery__container\">\n\t\t\t\t\t\t\t<div class=\"e-gallery-item elementor-gallery-item elementor-animated-content\">\n\t\t\t\t\t<div class=\"e-gallery-image elementor-gallery-item__image\" data-thumbnail=\"https:\/\/calendula.hu\/wp-content\/uploads\/2023\/02\/CALENDULA_262.jpg\" data-width=\"\" data-height=\"\" aria-label=\"\" role=\"img\" ><\/div>\n\t\t\t\t\t\t\t\t\t\t\t<div class=\"elementor-gallery-item__overlay\"><\/div>\n\t\t\t\t\t\t\t\t\t\t\t\t\t\t<\/div>\n\t\t\t\t\t\t\t<div class=\"e-gallery-item elementor-gallery-item elementor-animated-content\">\n\t\t\t\t\t<div class=\"e-gallery-image elementor-gallery-item__image\" data-thumbnail=\"https:\/\/calendula.hu\/wp-content\/uploads\/2023\/02\/CALENDULA_263.jpg\" data-width=\"\" data-height=\"\" aria-label=\"\" role=\"img\" ><\/div>\n\t\t\t\t\t\t\t\t\t\t\t<div class=\"elementor-gallery-item__overlay\"><\/div>\n\t\t\t\t\t\t\t\t\t\t\t\t\t\t<\/div>\n\t\t\t\t\t\t\t<div class=\"e-gallery-item elementor-gallery-item elementor-animated-content\">\n\t\t\t\t\t<div class=\"e-gallery-image elementor-gallery-item__image\" data-thumbnail=\"https:\/\/calendula.hu\/wp-content\/uploads\/2023\/02\/CALENDULA_264.jpg\" data-width=\"\" data-height=\"\" aria-label=\"\" role=\"img\" ><\/div>\n\t\t\t\t\t\t\t\t\t\t\t<div class=\"elementor-gallery-item__overlay\"><\/div>\n\t\t\t\t\t\t\t\t\t\t\t\t\t\t<\/div>\n\t\t\t\t\t\t\t<div class=\"e-gallery-item elementor-gallery-item elementor-animated-content\">\n\t\t\t\t\t<div class=\"e-gallery-image elementor-gallery-item__image\" data-thumbnail=\"https:\/\/calendula.hu\/wp-content\/uploads\/2023\/02\/CALENDULA_265.jpg\" data-width=\"\" data-height=\"\" aria-label=\"\" role=\"img\" ><\/div>\n\t\t\t\t\t\t\t\t\t\t\t<div class=\"elementor-gallery-item__overlay\"><\/div>\n\t\t\t\t\t\t\t\t\t\t\t\t\t\t<\/div>\n\t\t\t\t\t\t\t<div class=\"e-gallery-item elementor-gallery-item elementor-animated-content\">\n\t\t\t\t\t<div class=\"e-gallery-image elementor-gallery-item__image\" data-thumbnail=\"https:\/\/calendula.hu\/wp-content\/uploads\/2023\/02\/CALENDULA_266.jpg\" data-width=\"\" data-height=\"\" aria-label=\"\" role=\"img\" ><\/div>\n\t\t\t\t\t\t\t\t\t\t\t<div class=\"elementor-gallery-item__overlay\"><\/div>\n\t\t\t\t\t\t\t\t\t\t\t\t\t\t<\/div>\n\t\t\t\t\t\t\t<div class=\"e-gallery-item elementor-gallery-item elementor-animated-content\">\n\t\t\t\t\t<div class=\"e-gallery-image elementor-gallery-item__image\" data-thumbnail=\"https:\/\/calendula.hu\/wp-content\/uploads\/2023\/02\/CALENDULA_267.jpg\" data-width=\"\" data-height=\"\" aria-label=\"\" role=\"img\" ><\/div>\n\t\t\t\t\t\t\t\t\t\t\t<div class=\"elementor-gallery-item__overlay\"><\/div>\n\t\t\t\t\t\t\t\t\t\t\t\t\t\t<\/div>\n\t\t\t\t\t<\/div>\n\t\t\t\t\t<\/div>\n\t\t\t\t<\/div>\n\t\t\t\t<div class=\"elementor-element elementor-element-2e681bb elementor-widget elementor-widget-text-editor\" data-id=\"2e681bb\" data-element_type=\"widget\" data-e-type=\"widget\" data-widget_type=\"text-editor.default\">\n\t\t\t\t<div class=\"elementor-widget-container\">\n\t\t\t\t\t\t\t\t\t<p>30 \u00e9ve biztos\u00edtunk gy\u00f3gy\u00edt\u00f3 t\u00e1pl\u00e1lkoz\u00e1st a betegeinknek. Klinik\u00e1nk fenn\u00e1ll\u00e1sa \u00f3ta k\u00fcl\u00f6nb\u00f6z\u0151 \u00e9tkez\u00e9si rendszereket \u00e9s megk\u00f6zel\u00edt\u00e9seket vezett\u00fcnk be. Ilyen a makrobiotikus, elk\u00fcl\u00f6n\u00edt\u0151 t\u00e1pl\u00e1lkoz\u00e1s, a kal\u00f3riasz\u00e1ml\u00e1l\u00e1s. Ugyanakkor az ayurv\u00e9dikus koncepci\u00f3 seg\u00edtett meg\u00e9rtetni annak fogalm\u00e1t, hogy mit jelent az egy\u00e9nre szabott di\u00e9ta. Orvosaink, szak\u00e1csainkkal k\u00f6z\u00f6sen, kidolgoztak egy olyan \u00e1ltal\u00e1nos veget\u00e1ri\u00e1nus \u00e9trendet, amely az eur\u00f3pai emberek \u00e9tkez\u00e9si szok\u00e1saihoz, valamint az \u00e9ghajlati \u00e9s a szezon\u00e1lis k\u00f6r\u00fclm\u00e9nyekhez alkalmazkodik, tov\u00e1bb\u00e1 kiegyens\u00falyozott minden alkatra n\u00e9zve.<\/p>\t\t\t\t\t\t\t\t<\/div>\n\t\t\t\t<\/div>\n\t\t\t\t<div class=\"elementor-element elementor-element-ccb2bf7 elementor-widget elementor-widget-heading\" data-id=\"ccb2bf7\" data-element_type=\"widget\" data-e-type=\"widget\" data-widget_type=\"heading.default\">\n\t\t\t\t<div class=\"elementor-widget-container\">\n\t\t\t\t\t<h2 class=\"elementor-heading-title elementor-size-default\">Alapelvek k\u00f6vet\u00e9se<\/h2>\t\t\t\t<\/div>\n\t\t\t\t<\/div>\n\t\t\t\t<div class=\"elementor-element elementor-element-8eda59c elementor-widget elementor-widget-text-editor\" data-id=\"8eda59c\" data-element_type=\"widget\" data-e-type=\"widget\" data-widget_type=\"text-editor.default\">\n\t\t\t\t<div class=\"elementor-widget-container\">\n\t\t\t\t\t\t\t\t\t<p>Az Ayurv\u00e9dikus tudom\u00e1ny szerint mindenkinek megvan a saj\u00e1t testt\u00edpusa (dosa), amelyben v\u00e1ltoz\u00e1sok t\u00f6rt\u00e9nhetnek ak\u00e1r az \u00e9vszakokt\u00f3l, a sz\u00e9lt\u0151l, betegs\u00e9gekt\u0151l f\u00fcgg\u0151en. Ennek t\u00fckr\u00e9ben kezdt\u00fck el az ayurv\u00e9dikus \u00e9telek k\u00e9sz\u00edt\u00e9s\u00e9t betegeink sz\u00e1m\u00e1ra.<br \/>Az Ayurv\u00e9da nagy jelent\u0151s\u00e9get tulajdon\u00edt a min\u0151s\u00e9gnek \u00e9s frissess\u00e9gnek, a szak\u00e1cs \u00e9rz\u00e9seinek, \u00e9rzelmeinek, valamint a szemet gy\u00f6ny\u00f6rk\u00f6dtet\u0151 t\u00e1lal\u00e1snak, amelyet mi magunk is szem el\u0151tt tartunk.<\/p>\t\t\t\t\t\t\t\t<\/div>\n\t\t\t\t<\/div>\n\t\t\t\t<div class=\"elementor-element elementor-element-f6ee32a elementor-widget elementor-widget-text-editor\" data-id=\"f6ee32a\" data-element_type=\"widget\" data-e-type=\"widget\" data-widget_type=\"text-editor.default\">\n\t\t\t\t<div class=\"elementor-widget-container\">\n\t\t\t\t\t\t\t\t\t<h2 class=\"mb-30\">Mit\u0151l hat\u00e1sos?<\/h2>\t\t\t\t\t\t\t\t<\/div>\n\t\t\t\t<\/div>\n\t\t\t\t<section class=\"elementor-section elementor-inner-section elementor-element elementor-element-6628aaa elementor-section-boxed elementor-section-height-default elementor-section-height-default\" data-id=\"6628aaa\" data-element_type=\"section\" data-e-type=\"section\">\n\t\t\t\t\t\t<div class=\"elementor-container elementor-column-gap-wider\">\n\t\t\t\t\t<div class=\"elementor-column elementor-col-50 elementor-inner-column elementor-element elementor-element-87694d5\" data-id=\"87694d5\" data-element_type=\"column\" data-e-type=\"column\">\n\t\t\t<div class=\"elementor-widget-wrap elementor-element-populated\">\n\t\t\t\t\t\t<div class=\"elementor-element elementor-element-57f71ba elementor-align-start elementor-icon-list--layout-traditional elementor-list-item-link-full_width elementor-widget elementor-widget-icon-list\" data-id=\"57f71ba\" data-element_type=\"widget\" data-e-type=\"widget\" data-widget_type=\"icon-list.default\">\n\t\t\t\t<div class=\"elementor-widget-container\">\n\t\t\t\t\t\t\t<ul class=\"elementor-icon-list-items\">\n\t\t\t\t\t\t\t<li class=\"elementor-icon-list-item\">\n\t\t\t\t\t\t\t\t\t\t\t<span class=\"elementor-icon-list-icon\">\n\t\t\t\t\t\t\t<i aria-hidden=\"true\" class=\"fas fa-plus-square\"><\/i>\t\t\t\t\t\t<\/span>\n\t\t\t\t\t\t\t\t\t\t<span class=\"elementor-icon-list-text\">Minden p\u00e1ciens\u00fcnknek az orvosi konzult\u00e1ci\u00f3k alkalm\u00e1val meg\u00e1llap\u00edtott testt\u00edpusuknak, valamint betegs\u00e9g\u00fcknek, intoleranci\u00e1juknak megfelel\u0151 \u00e9trendet \u00e1ll\u00edtunk \u00f6ssze.<\/span>\n\t\t\t\t\t\t\t\t\t<\/li>\n\t\t\t\t\t\t\t\t<li class=\"elementor-icon-list-item\">\n\t\t\t\t\t\t\t\t\t\t\t<span class=\"elementor-icon-list-icon\">\n\t\t\t\t\t\t\t<i aria-hidden=\"true\" class=\"fas fa-seedling\"><\/i>\t\t\t\t\t\t<\/span>\n\t\t\t\t\t\t\t\t\t\t<span class=\"elementor-icon-list-text\">\u00c9teleink ezen fel\u00fcl az \u00e9vszakok v\u00e1ltoz\u00e1s\u00e1t is k\u00f6vetik, s annak megfelel\u0151 \u00f6sszetev\u0151kb\u0151l, illetve f\u0151z\u00e9si elj\u00e1r\u00e1sokkal k\u00e9sz\u00fclnek \u2013 szint\u00e9n orvosi javaslat szerint.<\/span>\n\t\t\t\t\t\t\t\t\t<\/li>\n\t\t\t\t\t\t\t\t<li class=\"elementor-icon-list-item\">\n\t\t\t\t\t\t\t\t\t\t\t<span class=\"elementor-icon-list-icon\">\n\t\t\t\t\t\t\t<i aria-hidden=\"true\" class=\"fas fa-cookie\"><\/i>\t\t\t\t\t\t<\/span>\n\t\t\t\t\t\t\t\t\t\t<span class=\"elementor-icon-list-text\">Az els\u0151dleges folyamat a serpeny\u0151ben t\u00f6rt\u00e9nik. Olyan speci\u00e1lis f\u0171szer-kever\u00e9keket, masal\u00e1t k\u00e9sz\u00edt\u00fcnk, amelyek az \u00e9teleket k\u00f6nnyen em\u00e9szthet\u0151v\u00e9 teszik.<\/span>\n\t\t\t\t\t\t\t\t\t<\/li>\n\t\t\t\t\t\t\t\t<li class=\"elementor-icon-list-item\">\n\t\t\t\t\t\t\t\t\t\t\t<span class=\"elementor-icon-list-icon\">\n\t\t\t\t\t\t\t<i aria-hidden=\"true\" class=\"fas fa-exclamation-circle\"><\/i>\t\t\t\t\t\t<\/span>\n\t\t\t\t\t\t\t\t\t\t<span class=\"elementor-icon-list-text\">\u00c9tterm\u00fcnkben tilos a h\u00fas, az \u00e1llati zs\u00edrok, az alkohol \u00e9s a k\u00e1v\u00e9 fogyaszt\u00e1sa. Eg\u00e9szs\u00e9ges \u00e9teleink a k\u00f6vetkez\u0151kb\u0151l \u00e1llnak: gabonaf\u00e9l\u00e9k, z\u00f6lds\u00e9gek, gy\u00fcm\u00f6lcs\u00f6k, halak (m\u00e9rs\u00e9kelten), gy\u00f3gyte\u00e1k \u00e9s m\u00e1rt\u00e1sok, amelyek el\u0151seg\u00edtik az em\u00e9szt\u00e9st, a t\u00e1pl\u00e1l\u00e9k felsz\u00edv\u00f3d\u00e1s\u00e1t \u00e9s a b\u00e9lmozg\u00e1st.<\/span>\n\t\t\t\t\t\t\t\t\t<\/li>\n\t\t\t\t\t\t\t\t<li class=\"elementor-icon-list-item\">\n\t\t\t\t\t\t\t\t\t\t\t<span class=\"elementor-icon-list-icon\">\n\t\t\t\t\t\t\t<i aria-hidden=\"true\" class=\"far fa-smile-beam\"><\/i>\t\t\t\t\t\t<\/span>\n\t\t\t\t\t\t\t\t\t\t<span class=\"elementor-icon-list-text\">Az \u00e9telnek nagyon k\u00f6nny\u0171nek, gyomork\u00edm\u00e9l\u0151nek kell lennie: a beteg ember energi\u00e1j\u00e1nak egy r\u00e9sz\u00e9t m\u00e1r betegs\u00e9gre \u201eelpazarolta\u201d, em\u00e9szt\u00e9se \u00e1ltal\u00e1ban gyenge, teh\u00e1t az \u00e9telnek k\u00f6nnyen em\u00e9szthet\u0151nek kell lennie.<\/span>\n\t\t\t\t\t\t\t\t\t<\/li>\n\t\t\t\t\t\t<\/ul>\n\t\t\t\t\t\t<\/div>\n\t\t\t\t<\/div>\n\t\t\t\t\t<\/div>\n\t\t<\/div>\n\t\t\t\t<div class=\"elementor-column elementor-col-50 elementor-inner-column elementor-element elementor-element-f702e7c\" data-id=\"f702e7c\" data-element_type=\"column\" data-e-type=\"column\">\n\t\t\t<div class=\"elementor-widget-wrap elementor-element-populated\">\n\t\t\t\t\t\t<div class=\"elementor-element elementor-element-0fee3e0 elementor-widget elementor-widget-text-editor\" data-id=\"0fee3e0\" data-element_type=\"widget\" data-e-type=\"widget\" data-widget_type=\"text-editor.default\">\n\t\t\t\t<div class=\"elementor-widget-container\">\n\t\t\t\t\t\t\t\t\t<h3>Fogy\u00e1s a klinik\u00e1n<\/h3><p>P\u00e1cienseink fogy\u00e1s c\u00e9lj\u00e1b\u00f3l is felkeresik klinik\u00e1nkat. Fontos tudni, hogy nem sz\u00e1moljuk a kal\u00f3ri\u00e1kat az \u00e9trendj\u00fck kialak\u00edt\u00e1s\u00e1n\u00e1l, mert tudjuk, hogy a t\u00fals\u00falyt val\u00f3j\u00e1ban egy anyagcserezavar okozza. Ez\u00e9rt kidolgoztunk egy speci\u00e1lis \u00e9trendet, amely megk\u00f6nny\u00edti \u00e9s serkenti az anyagcser\u00e9t, ily m\u00f3don fogy\u00e1st eredm\u00e9nyez. Ez teh\u00e1t semmik\u00e9ppen sem jelent \u00e9hez\u00e9st! A klinik\u00e1n adott adagok m\u00e9g a fogy\u00f3k\u00far\u00e1z\u00f3k sz\u00e1m\u00e1ra is el\u00e9g nagyok, ez\u00e9rt val\u00f3j\u00e1ban az \u00f6sszes beteg\u00fcnk s\u00falya cs\u00f6kken ter\u00e1pi\u00e1s programjuk alatt.<\/p><h3>Folytat\u00e1s a h\u00e9tk\u00f6znapokban<\/h3><p>A kezel\u00e9si folyamat v\u00e9g\u00e9n minden beteg\u00fcnknek ayurv\u00e9dikus \u00e9trendet adunk saj\u00e1t testt\u00edpusuknak megfelel\u0151en, mell\u00e9kelve az eg\u00e9szs\u00e9ges, semleges \u00e9s k\u00e1ros \u00e9lelmiszerek list\u00e1j\u00e1t.<\/p>\t\t\t\t\t\t\t\t<\/div>\n\t\t\t\t<\/div>\n\t\t\t\t\t<\/div>\n\t\t<\/div>\n\t\t\t\t\t<\/div>\n\t\t<\/section>\n\t\t\t\t\t<\/div>\n\t\t<\/div>\n\t\t\t\t\t<\/div>\n\t\t<\/section>\n\t\t\t\t<section class=\"elementor-section elementor-top-section elementor-element elementor-element-1e6dca8 elementor-section-full_width elementor-section-height-default elementor-section-height-default\" data-id=\"1e6dca8\" data-element_type=\"section\" data-e-type=\"section\" data-settings=\"{&quot;background_background&quot;:&quot;classic&quot;}\">\n\t\t\t\t\t\t<div class=\"elementor-container elementor-column-gap-no\">\n\t\t\t\t\t<div class=\"elementor-column elementor-col-100 elementor-top-column elementor-element elementor-element-1f2ff29\" data-id=\"1f2ff29\" data-element_type=\"column\" data-e-type=\"column\">\n\t\t\t<div class=\"elementor-widget-wrap elementor-element-populated\">\n\t\t\t\t\t\t<div class=\"elementor-element elementor-element-d6171c1 elementor-widget elementor-widget-text-editor\" data-id=\"d6171c1\" data-element_type=\"widget\" data-e-type=\"widget\" data-widget_type=\"text-editor.default\">\n\t\t\t\t<div class=\"elementor-widget-container\">\n\t\t\t\t\t\t\t\t\t<h2 class=\"mb-30\">Napirend<\/h2>\t\t\t\t\t\t\t\t<\/div>\n\t\t\t\t<\/div>\n\t\t\t\t<section class=\"elementor-section elementor-inner-section elementor-element elementor-element-2d0c67e elementor-section-boxed elementor-section-height-default elementor-section-height-default\" data-id=\"2d0c67e\" data-element_type=\"section\" data-e-type=\"section\">\n\t\t\t\t\t\t<div class=\"elementor-container elementor-column-gap-default\">\n\t\t\t\t\t<div class=\"elementor-column elementor-col-100 elementor-inner-column elementor-element elementor-element-e305c08\" data-id=\"e305c08\" data-element_type=\"column\" data-e-type=\"column\">\n\t\t\t<div class=\"elementor-widget-wrap elementor-element-populated\">\n\t\t\t\t\t\t<div class=\"elementor-element elementor-element-969dba1 elementor-align-start elementor-icon-list--layout-traditional elementor-list-item-link-full_width elementor-widget elementor-widget-icon-list\" data-id=\"969dba1\" data-element_type=\"widget\" data-e-type=\"widget\" data-widget_type=\"icon-list.default\">\n\t\t\t\t<div class=\"elementor-widget-container\">\n\t\t\t\t\t\t\t<ul class=\"elementor-icon-list-items\">\n\t\t\t\t\t\t\t<li class=\"elementor-icon-list-item\">\n\t\t\t\t\t\t\t\t\t\t\t<span class=\"elementor-icon-list-icon\">\n\t\t\t\t\t\t\t<i aria-hidden=\"true\" class=\"far fa-clock\"><\/i>\t\t\t\t\t\t<\/span>\n\t\t\t\t\t\t\t\t\t\t<span class=\"elementor-icon-list-text\"><strong>Reggeli: 8.00 \u2013 10.00<\/strong><br \/>  A reggeli \u00f3r\u00e1kban a Kapha domin\u00e1l, ez\u00e9rt a reggeli legyen b\u0151s\u00e9ges, de ne tartalmazzon ny\u00e1k k\u00e9pz\u0151 alapanyagokat (pl: toj\u00e1s, tej)<\/span>\n\t\t\t\t\t\t\t\t\t<\/li>\n\t\t\t\t\t\t\t\t<li class=\"elementor-icon-list-item\">\n\t\t\t\t\t\t\t\t\t\t\t<span class=\"elementor-icon-list-icon\">\n\t\t\t\t\t\t\t<i aria-hidden=\"true\" class=\"far fa-clock\"><\/i>\t\t\t\t\t\t<\/span>\n\t\t\t\t\t\t\t\t\t\t<span class=\"elementor-icon-list-text\"><strong>Eb\u00e9d: 12.00 \u2013 14.00  <\/strong><br \/>  10-t\u0151l 14 \u00f3r\u00e1ig szervezet\u00fcnkben a Pitta domin\u00e1l, azaz ilyenkor \u00e9bred fel az em\u00e9szt\u00e9s t\u00fcze, az agni. P\u00e1cienseinknek olyan eb\u00e9det szolg\u00e1lunk fel, amely cs\u00f6kkenti a Pitt\u00e1t \u00e9s felp\u00f6rgeti az anyagcser\u00e9t.<\/span>\n\t\t\t\t\t\t\t\t\t<\/li>\n\t\t\t\t\t\t\t\t<li class=\"elementor-icon-list-item\">\n\t\t\t\t\t\t\t\t\t\t\t<span class=\"elementor-icon-list-icon\">\n\t\t\t\t\t\t\t<i aria-hidden=\"true\" class=\"far fa-clock\"><\/i>\t\t\t\t\t\t<\/span>\n\t\t\t\t\t\t\t\t\t\t<span class=\"elementor-icon-list-text\"><strong>Vacsora: 18.00 - 19.00<\/strong><br \/> 14-t\u0151l 18 \u00f3r\u00e1ig a Vata domin\u00e1l, ez\u00e9rt olyan t\u00e1pl\u00e1l\u00e9kra van sz\u00fcks\u00e9g\u00fcnk, amely t\u00e1pl\u00e1lja az \u00e9jszakai t\u00fczet, reggelre pedig energi\u00e1t ad. Ez az \u00e9tkez\u00e9s egy levest \u00e9s egy k\u00f6nnyed \u00e9telt tartalmaz, amely cs\u00f6kkenti a Vat\u00e1t \u00e9s hozz\u00e1seg\u00edti egy megfelel\u0151en m\u00e9ly, pihentet\u0151 alv\u00e1shoz.<\/span>\n\t\t\t\t\t\t\t\t\t<\/li>\n\t\t\t\t\t\t<\/ul>\n\t\t\t\t\t\t<\/div>\n\t\t\t\t<\/div>\n\t\t\t\t\t<\/div>\n\t\t<\/div>\n\t\t\t\t\t<\/div>\n\t\t<\/section>\n\t\t\t\t\t<\/div>\n\t\t<\/div>\n\t\t\t\t\t<\/div>\n\t\t<\/section>\n\t\t\t\t<section class=\"elementor-section elementor-top-section elementor-element elementor-element-44327da elementor-section-full_width elementor-section-height-default elementor-section-height-default\" data-id=\"44327da\" data-element_type=\"section\" data-e-type=\"section\">\n\t\t\t\t\t\t<div class=\"elementor-container elementor-column-gap-no\">\n\t\t\t\t\t<div class=\"elementor-column elementor-col-100 elementor-top-column elementor-element elementor-element-c25f578\" data-id=\"c25f578\" data-element_type=\"column\" data-e-type=\"column\">\n\t\t\t<div class=\"elementor-widget-wrap elementor-element-populated\">\n\t\t\t\t\t\t<div class=\"elementor-element elementor-element-f3dcfec elementor-align-left elementor-widget elementor-widget-pages-restaurant-menu\" data-id=\"f3dcfec\" data-element_type=\"widget\" data-e-type=\"widget\" data-widget_type=\"pages-restaurant-menu.default\">\n\t\t\t\t<div class=\"elementor-widget-container\">\n\t\t\t\t\t\r\n\t\t<section id=\"menu\" class=\"restaurant-menu menu section-padding bg-black\">\r\n\t\t\t<div class=\"container\">\r\n\t\t\t\t<div class=\"row\">\r\n\t\t\t\t\t<div class=\"col-md-12 text-center\">\r\n\t\t\t\t\t\t\t\t\t\t\t\t\t\t\t\t<div class=\"section-title\"><span>\u00c9tlap<\/span><\/div>\r\n\t\t\t\t\t\t\t<\/div>\r\n\t\t<\/div>\r\n\t\t<div class=\"row\">\r\n\t\t\t<div class=\"col-md-12\">\r\n\t\t\t\t<div class=\"row\">\r\n\t\t\t\t\t<div class=\"tabs-icon col-md-10 offset-md-1 text-center\">\r\n\t\t\t\t\t\t<div class=\"owl-carousel owl-theme\">\r\n\t\t\t\t\t\t\t\t\t\t\t\t\t\t\t\t\t\t\t\t\t\t\t\t\t<div id=\"tab-1\" class=\"item\">\r\n\t\t\t\t\t\t\t\t\t\t\t\t\t\t\t\t\t\t\t\t\t<\/div>\r\n\t\t\t\t\t\t\t\t\t\t\t\t\t\t\t\t\t\t\t\t\t\t\t\t<\/div>\r\n\t\t\t\t\t\t<\/div>\r\n\t\t\t\t\t\t<div class=\"restaurant-menu-content col-md-12\">\r\n\t\t\t\t\t\t\t<!-- Starters -->\r\n\t\t\t\t\t\t\t\t\t\t\t\t\t\t\t\t\t\t\t\t\t\t\t\t<div id=\"tab-1-content\" class=\"cont active\">\r\n\t\t\t\t\t\t\t\t\t\t\t\t\t\t\t\t\t\t\t\t\t<div class=\"row\">\r\n\t\t\t\t\t\t\t\t\t\t\t\t<div class=\"col-md-5\">\r\n\t\t\t\t\t\t\t\t\t\t\t\t\t\t\t\t\t\t\t\t\t\t\t\t\t\t\t<div class=\"menu-info\">\n    <h5>Reggeli <span class=\"price\">8.550 Ft<\/span><\/h5>\n    <p>Sv\u00e9dasztalos reggeli v\u00e1laszt\u00e9k<\/p>\n<\/div>\n<div class=\"menu-info\">\n    <h5>Eb\u00e9d <span class=\"price\">11.875 Ft<\/span><\/h5>\n    <p> Leves-f\u0151\u00e9tel-sal\u00e1ta egy\u00e9ni di\u00e9ta szerint felszolg\u00e1lva<\/p>\n<\/div>\n<div class=\"menu-info\">\n    <h5>Vacsora <span class=\"price\">5.700 Ft<\/span><\/h5>\n    <p>F\u0151\u00e9tel-desszert k\u00f6nnyed vacsorak\u00e9nt felszolg\u00e1lva<\/p>\n<\/div>\t\t\t\t\t\t\t\t\t\t\t\t\t\t\t\t\t\t\t\t\t\t\t\t\t<\/div>\r\n\t\t\t\t\t\t\t\t\t\t\t\t<div class=\"col-md-5 offset-md-2\">\r\n\t\t\t\t\t\t\t\t\t\t\t\t\t\t\t\t\t\t\t\t\t\t\t\t\t\t\t<div class=\"menu-info\">\n\t<h5>Vitamin tea <span class=\"price\">Korl\u00e1tlan fogyaszt\u00e1s<\/span><\/h5>\n\t<p>Saj\u00e1t gy\u00f3gyn\u00f6v\u00e9nyes recept\u00fara alapj\u00e1n k\u00e9sz\u00edtve<\/p>\n<\/div>\n<div class=\"menu-info\">\n\t<h5>Gy\u00fcm\u00f6lcs tea <span class=\"price\">Korl\u00e1tlan fogyaszt\u00e1s<\/span><\/h5>\n\t<p>\u00c9des \u00edzvil\u00e1g\u00fa gy\u00fcm\u00f6lcs tea saj\u00e1t recept\u00fara alapj\u00e1n k\u00e9sz\u00edtve<\/p>\n<\/div>\n<div class=\"menu-info\">\n\t<h5>Teljes \u00e9tkez\u00e9si ell\u00e1t\u00e1s<span class=\"price\">22.800 Ft<\/span><\/h5>\n\t<p><\/p>\n<\/div>\t\t\t\t\t\t\t\t\t\t\t\t\t\t\t\t\t\t\t\t\t\t\t\t\t<\/div>\r\n\t\t\t\t\t\t\t\t\t\t\t<\/div>\r\n\t\t\t\t\t\t\t\t\t\t<\/div>\r\n\t\t\t\t\t\t\t\t\t\t<!-- Salads -->\r\n\t\t\t\t\t\t\t\t\t\t\t\t\t\t\t\t\t\t\t\t\t\t\t\t\t\t\t\t<div id=\"tab-2-content\" class=\"cont\">\r\n\t\t\t\t\t\t\t\t\t\t\t\t\t\t\t\t\t\t\t\t\t\t<div class=\"row\">\r\n\t\t\t\t\t\t\t\t\t\t\t\t<div class=\"col-md-5\">\r\n\t\t\t\t\t\t\t\t\t\t\t\t\t\t\t\t\t\t\t\t\t\t\t\t\t\t\t<div class=\"menu-info\">\n\t<h5>Rusty\u2019s Burger <span class=\"price\">27$<\/span><\/h5>\n\t<p>Smoked pulled beef ribs, bbq sauce, cheddar, crispy onion<\/p>\n<\/div>\n<div class=\"menu-info\">\n\t<h5>Cajun Fish Steak <span class=\"price\">32$<\/span><\/h5>\n\t<p>Cajun spicied seabass, deep fried baby potatoes, side salad<\/p>\n<\/div>\n<div class=\"menu-info\">\n\t<h5>Southern Fried Chicken <span class=\"price\">52$<\/span><\/h5>\n\t<p>Cajun coated chicken breast, fries and honey mustard<\/p>\n<\/div>\t\t\t\t\t\t\t\t\t\t\t\t\t\t\t\t\t\t\t\t\t\t\t\t\t<\/div>\r\n\t\t\t\t\t\t\t\t\t\t\t\t<div class=\"col-md-5 offset-md-2\">\r\n\t\t\t\t\t\t\t\t\t\t\t\t\t\t\t\t\t\t\t\t\t\t\t\t\t\t\t<div class=\"menu-info\">\n\t<h5>Crab Cake <span class=\"price\">37$<\/span><\/h5>\n\t<p>Breaded crab cakes, tartar sauce, apple and fennel salad<\/p>\n<\/div>\n<div class=\"menu-info\">\n\t<h5>Baby Back Ribs <span class=\"price\">32$<\/span><\/h5>\n\t<p>Bbq glazed baby pork ribs, coleslaw, fries<\/p>\n<\/div>\n<div class=\"menu-info\">\n\t<h5>Smokehouse Combo <span class=\"price\">42$<\/span><\/h5>\n\t<p>Smoked beef brisket, rib and sausage, coleslaw, cornbread<\/p>\n<\/div>\t\t\t\t\t\t\t\t\t\t\t\t\t\t\t\t\t\t\t\t\t\t\t\t\t<\/div>\r\n\t\t\t\t\t\t\t\t\t\t\t<\/div>\r\n\t\t\t\t\t\t\t\t\t\t<\/div>\r\n\t\t\t\t\t\t\t\t\t\t<!-- Salads -->\r\n\t\t\t\t\t\t\t\t\t\t\t\t\t\t\t\t\t\t\t\t\t\t\t\t\t\t\t\t<div id=\"tab-3-content\" class=\"cont\">\r\n\t\t\t\t\t\t\t\t\t\t\t\t\t\t\t\t\t\t\t\t\t\t<div class=\"row\">\r\n\t\t\t\t\t\t\t\t\t\t\t\t<div class=\"col-md-5\">\r\n\t\t\t\t\t\t\t\t\t\t\t\t\t\t\t\t\t\t\t\t\t\t\t\t\t\t\t<div class=\"menu-info\">\n\t<h5>Ceaser Salad <span class=\"price\">47$<\/span><\/h5>\n\t<p>Romaine lettuce, croutons, parmigiano, Ceaser dressing.<\/p>\n<\/div>\n<div class=\"menu-info\">\n\t<h5>Waldorf Salad <span class=\"price\">52$<\/span><\/h5>\n\t<p>Lettuce, celery, apple, grape, walnut, waldorf sauce<\/p>\n<\/div>\n<div class=\"menu-info\">\n\t<h5>Quinoa &amp; Avocado Salad <span class=\"price\">52$<\/span><\/h5>\n\t<p>Quinoa, avocado, mixed greens. Nuts, dried and fresh fruits<\/p>\n<\/div>\t\t\t\t\t\t\t\t\t\t\t\t\t\t\t\t\t\t\t\t\t\t\t\t\t<\/div>\r\n\t\t\t\t\t\t\t\t\t\t\t\t<div class=\"col-md-5 offset-md-2\">\r\n\t\t\t\t\t\t\t\t\t\t\t\t\t\t\t\t\t\t\t\t\t\t\t\t\t\t\t<div class=\"menu-info\">\n\t<h5>Grilled Salmon Salad <span class=\"price\">37$<\/span><\/h5>\n\t<p>Grilled salmon, mixed greens, capers, orange slices<\/p>\n<\/div>\n<div class=\"menu-info\">\n\t<h5>Chicken Cobb Salad <span class=\"price\">32$<\/span><\/h5>\n\t<p>Iceberg lettuce, cherry tomatoes, blue cheese, avocado, bacon<\/p>\n<\/div>\n<div class=\"menu-info\">\n\t<h5>Salad Chicken <span class=\"price\">42$<\/span><\/h5>\n\t<p> Ceaser dressing. Optional grilled chicken breast<\/p>\n<\/div>\t\t\t\t\t\t\t\t\t\t\t\t\t\t\t\t\t\t\t\t\t\t\t\t\t<\/div>\r\n\t\t\t\t\t\t\t\t\t\t\t<\/div>\r\n\t\t\t\t\t\t\t\t\t\t<\/div>\r\n\t\t\t\t\t\t\t\t\t\t<!-- Salads -->\r\n\t\t\t\t\t\t\t\t\t\t\t\t\t\t\t\t\t<\/div>\r\n\t\t\t\t\t\t\t<\/div>\r\n\t\t\t\t\t\t<\/div>\r\n\t\t\t\t\t<\/div>\r\n\t\t\t\t<\/div>\r\n\t\t\t<\/section>\r\n\t\t\t\t\t\t\t<\/div>\n\t\t\t\t<\/div>\n\t\t\t\t<div class=\"elementor-element elementor-element-535ac4a elementor-widget elementor-widget-text-editor\" data-id=\"535ac4a\" data-element_type=\"widget\" data-e-type=\"widget\" data-widget_type=\"text-editor.default\">\n\t\t\t\t<div class=\"elementor-widget-container\">\n\t\t\t\t\t\t\t\t\t<h6><span style=\"color: #808080;\"><strong>*Klinik\u00e1nkon a napi h\u00e1romszori \u00e9tkez\u00e9s ter\u00e1pi\u00e1s programjaink r\u00e9sz\u00e9t k\u00e9pezik, illetve a kezel\u00e9si csomagaj\u00e1nlatok \u00e1r\u00e1ban benne foglaltatnak.<\/strong><\/span><\/h6>\t\t\t\t\t\t\t\t<\/div>\n\t\t\t\t<\/div>\n\t\t\t\t\t<\/div>\n\t\t<\/div>\n\t\t\t\t\t<\/div>\n\t\t<\/section>\n\t\t\t\t<\/div>\n\t\t","protected":false},"excerpt":{"rendered":"<p>Ayurv\u00e9dikus \u00e9s veget\u00e1ri\u00e1nus \u00e9tkez\u00e9s Calendula \u00c9tterem A Calendula \u00c9tterem az ayurv\u00e9dikus \u00e9tkez\u00e9si filoz\u00f3fi\u00e1t \u00fclteti gyakorlatba: minden fog\u00e1s a vend\u00e9g egy\u00e9ni alkat\u00e1hoz \u00e9s em\u00e9szt\u00e9s\u00e9hez igazodik. \u00c9teleink friss, szezonalit\u00e1st szem el\u0151tt tart\u00f3, lehet\u0151leg biogazd\u00e1lkod\u00e1sb\u00f3l sz\u00e1rmaz\u00f3 alapanyagokb\u00f3l k\u00e9sz\u00fclnek.\u00a0Az Ayurv\u00e9da szerint az \u00e9tkez\u00e9s nem csup\u00e1n a test t\u00e1pl\u00e1l\u00e1sa, hanem az egyens\u00faly helyre\u00e1ll\u00edt\u00e1s\u00e1nak kulcsa is. A Calendula \u00c9tteremben olyan men\u00fcket [&hellip;]<\/p>\n","protected":false},"author":9,"featured_media":0,"parent":0,"menu_order":0,"comment_status":"closed","ping_status":"closed","template":"page-templates\/dark-sidebar.php","meta":{"footnotes":""},"class_list":["post-1880","page","type-page","status-publish","hentry"],"yoast_head":"<!-- This site is optimized with the Yoast SEO Premium plugin v19.5 (Yoast SEO v27.5) - https:\/\/yoast.com\/product\/yoast-seo-premium-wordpress\/ -->\n<title>Ayurv\u00e9dikus \u00e9tterem Si\u00f3fok \u2013 Gy\u00f3gy\u00edt\u00f3 veget\u00e1ri\u00e1nus \u00e9telek\u200b<\/title>\n<meta name=\"description\" content=\"Ayurv\u00e9dikus \u00e9tterem Si\u00f3fokon. A Calendula Klinika veget\u00e1ri\u00e1nus konyh\u00e1ja egy\u00e9nre szabott, gy\u00f3gy\u00edt\u00f3 \u00e9telekkel v\u00e1rja vend\u00e9geit.\" \/>\n<meta name=\"robots\" content=\"index, follow, max-snippet:-1, max-image-preview:large, max-video-preview:-1\" \/>\n<link rel=\"canonical\" href=\"https:\/\/calendula.hu\/hu\/ayurveda-etterem\/\" \/>\n<meta property=\"og:locale\" content=\"hu_HU\" \/>\n<meta property=\"og:type\" content=\"article\" \/>\n<meta property=\"og:title\" content=\"Sz\u00e1ll\u00e1s, \u00e9tkez\u00e9s - \u00c9tterem\" \/>\n<meta property=\"og:description\" content=\"Ayurv\u00e9dikus \u00e9tterem Si\u00f3fokon. A Calendula Klinika veget\u00e1ri\u00e1nus konyh\u00e1ja egy\u00e9nre szabott, gy\u00f3gy\u00edt\u00f3 \u00e9telekkel v\u00e1rja vend\u00e9geit.\" \/>\n<meta property=\"og:url\" content=\"https:\/\/calendula.hu\/hu\/ayurveda-etterem\/\" \/>\n<meta property=\"og:site_name\" content=\"Calendula Klinika - Si\u00f3fok\" \/>\n<meta property=\"article:modified_time\" content=\"2026-04-08T10:30:11+00:00\" \/>\n<meta name=\"twitter:card\" content=\"summary_large_image\" \/>\n<meta name=\"twitter:label1\" content=\"Becs\u00fclt olvas\u00e1si id\u0151\" \/>\n\t<meta name=\"twitter:data1\" content=\"5 perc\" \/>\n<script type=\"application\/ld+json\" class=\"yoast-schema-graph\">{\"@context\":\"https:\\\/\\\/schema.org\",\"@graph\":[{\"@type\":\"WebPage\",\"@id\":\"https:\\\/\\\/calendula.hu\\\/ayurveda-etterem\\\/\",\"url\":\"https:\\\/\\\/calendula.hu\\\/ayurveda-etterem\\\/\",\"name\":\"Ayurv\u00e9dikus \u00e9tterem Si\u00f3fok \u2013 Gy\u00f3gy\u00edt\u00f3 veget\u00e1ri\u00e1nus \u00e9telek\u200b\",\"isPartOf\":{\"@id\":\"https:\\\/\\\/calendula.hu\\\/#website\"},\"datePublished\":\"2023-02-19T18:38:37+00:00\",\"dateModified\":\"2026-04-08T10:30:11+00:00\",\"description\":\"Ayurv\u00e9dikus \u00e9tterem Si\u00f3fokon. A Calendula Klinika veget\u00e1ri\u00e1nus konyh\u00e1ja egy\u00e9nre szabott, gy\u00f3gy\u00edt\u00f3 \u00e9telekkel v\u00e1rja vend\u00e9geit.\",\"breadcrumb\":{\"@id\":\"https:\\\/\\\/calendula.hu\\\/ayurveda-etterem\\\/#breadcrumb\"},\"inLanguage\":\"hu\",\"potentialAction\":[{\"@type\":\"ReadAction\",\"target\":[\"https:\\\/\\\/calendula.hu\\\/ayurveda-etterem\\\/\"]}]},{\"@type\":\"BreadcrumbList\",\"@id\":\"https:\\\/\\\/calendula.hu\\\/ayurveda-etterem\\\/#breadcrumb\",\"itemListElement\":[{\"@type\":\"ListItem\",\"position\":1,\"name\":\"Home\",\"item\":\"https:\\\/\\\/calendula.hu\\\/hu\\\/\"},{\"@type\":\"ListItem\",\"position\":2,\"name\":\"Sz\u00e1ll\u00e1s, \u00e9tkez\u00e9s &#8211; \u00c9tterem\"}]},{\"@type\":\"WebSite\",\"@id\":\"https:\\\/\\\/calendula.hu\\\/#website\",\"url\":\"https:\\\/\\\/calendula.hu\\\/\",\"name\":\"Calendula Klinika - Si\u00f3fok\",\"description\":\"\",\"potentialAction\":[{\"@type\":\"SearchAction\",\"target\":{\"@type\":\"EntryPoint\",\"urlTemplate\":\"https:\\\/\\\/calendula.hu\\\/?s={search_term_string}\"},\"query-input\":{\"@type\":\"PropertyValueSpecification\",\"valueRequired\":true,\"valueName\":\"search_term_string\"}}],\"inLanguage\":\"hu\"}]}<\/script>\n<!-- \/ Yoast SEO Premium plugin. -->","yoast_head_json":{"title":"Ayurv\u00e9dikus \u00e9tterem Si\u00f3fok \u2013 Gy\u00f3gy\u00edt\u00f3 veget\u00e1ri\u00e1nus \u00e9telek\u200b","description":"Ayurv\u00e9dikus \u00e9tterem Si\u00f3fokon. A Calendula Klinika veget\u00e1ri\u00e1nus konyh\u00e1ja egy\u00e9nre szabott, gy\u00f3gy\u00edt\u00f3 \u00e9telekkel v\u00e1rja vend\u00e9geit.","robots":{"index":"index","follow":"follow","max-snippet":"max-snippet:-1","max-image-preview":"max-image-preview:large","max-video-preview":"max-video-preview:-1"},"canonical":"https:\/\/calendula.hu\/hu\/ayurveda-etterem\/","og_locale":"hu_HU","og_type":"article","og_title":"Sz\u00e1ll\u00e1s, \u00e9tkez\u00e9s - \u00c9tterem","og_description":"Ayurv\u00e9dikus \u00e9tterem Si\u00f3fokon. A Calendula Klinika veget\u00e1ri\u00e1nus konyh\u00e1ja egy\u00e9nre szabott, gy\u00f3gy\u00edt\u00f3 \u00e9telekkel v\u00e1rja vend\u00e9geit.","og_url":"https:\/\/calendula.hu\/hu\/ayurveda-etterem\/","og_site_name":"Calendula Klinika - Si\u00f3fok","article_modified_time":"2026-04-08T10:30:11+00:00","twitter_card":"summary_large_image","twitter_misc":{"Becs\u00fclt olvas\u00e1si id\u0151":"5 perc"},"schema":{"@context":"https:\/\/schema.org","@graph":[{"@type":"WebPage","@id":"https:\/\/calendula.hu\/ayurveda-etterem\/","url":"https:\/\/calendula.hu\/ayurveda-etterem\/","name":"Ayurv\u00e9dikus \u00e9tterem Si\u00f3fok \u2013 Gy\u00f3gy\u00edt\u00f3 veget\u00e1ri\u00e1nus \u00e9telek\u200b","isPartOf":{"@id":"https:\/\/calendula.hu\/#website"},"datePublished":"2023-02-19T18:38:37+00:00","dateModified":"2026-04-08T10:30:11+00:00","description":"Ayurv\u00e9dikus \u00e9tterem Si\u00f3fokon. A Calendula Klinika veget\u00e1ri\u00e1nus konyh\u00e1ja egy\u00e9nre szabott, gy\u00f3gy\u00edt\u00f3 \u00e9telekkel v\u00e1rja vend\u00e9geit.","breadcrumb":{"@id":"https:\/\/calendula.hu\/ayurveda-etterem\/#breadcrumb"},"inLanguage":"hu","potentialAction":[{"@type":"ReadAction","target":["https:\/\/calendula.hu\/ayurveda-etterem\/"]}]},{"@type":"BreadcrumbList","@id":"https:\/\/calendula.hu\/ayurveda-etterem\/#breadcrumb","itemListElement":[{"@type":"ListItem","position":1,"name":"Home","item":"https:\/\/calendula.hu\/hu\/"},{"@type":"ListItem","position":2,"name":"Sz\u00e1ll\u00e1s, \u00e9tkez\u00e9s &#8211; \u00c9tterem"}]},{"@type":"WebSite","@id":"https:\/\/calendula.hu\/#website","url":"https:\/\/calendula.hu\/","name":"Calendula Klinika - Si\u00f3fok","description":"","potentialAction":[{"@type":"SearchAction","target":{"@type":"EntryPoint","urlTemplate":"https:\/\/calendula.hu\/?s={search_term_string}"},"query-input":{"@type":"PropertyValueSpecification","valueRequired":true,"valueName":"search_term_string"}}],"inLanguage":"hu"}]}},"_links":{"self":[{"href":"https:\/\/calendula.hu\/hu\/wp-json\/wp\/v2\/pages\/1880","targetHints":{"allow":["GET"]}}],"collection":[{"href":"https:\/\/calendula.hu\/hu\/wp-json\/wp\/v2\/pages"}],"about":[{"href":"https:\/\/calendula.hu\/hu\/wp-json\/wp\/v2\/types\/page"}],"author":[{"embeddable":true,"href":"https:\/\/calendula.hu\/hu\/wp-json\/wp\/v2\/users\/9"}],"replies":[{"embeddable":true,"href":"https:\/\/calendula.hu\/hu\/wp-json\/wp\/v2\/comments?post=1880"}],"version-history":[{"count":189,"href":"https:\/\/calendula.hu\/hu\/wp-json\/wp\/v2\/pages\/1880\/revisions"}],"predecessor-version":[{"id":13110,"href":"https:\/\/calendula.hu\/hu\/wp-json\/wp\/v2\/pages\/1880\/revisions\/13110"}],"wp:attachment":[{"href":"https:\/\/calendula.hu\/hu\/wp-json\/wp\/v2\/media?parent=1880"}],"curies":[{"name":"wp","href":"https:\/\/api.w.org\/{rel}","templated":true}]}}