{"id":1907,"date":"2023-01-28T12:15:23","date_gmt":"2023-01-28T11:15:23","guid":{"rendered":"https:\/\/calendula.hu\/?page_id=1907"},"modified":"2026-02-24T10:42:17","modified_gmt":"2026-02-24T09:42:17","slug":"kezelt-betegsegek","status":"publish","type":"page","link":"https:\/\/calendula.hu\/hu\/kezelt-betegsegek\/","title":{"rendered":"Kezelt betegs\u00e9gek"},"content":{"rendered":"\t\t<div data-elementor-type=\"wp-page\" data-elementor-id=\"1907\" class=\"elementor elementor-1907\" data-elementor-post-type=\"page\">\n\t\t\t\t\t\t<section class=\"elementor-section elementor-top-section elementor-element elementor-element-0900db4 elementor-section-full_width elementor-section-height-default elementor-section-height-default\" data-id=\"0900db4\" data-element_type=\"section\" data-e-type=\"section\">\n\t\t\t\t\t\t<div class=\"elementor-container elementor-column-gap-no\">\n\t\t\t\t\t<div class=\"elementor-column elementor-col-100 elementor-top-column elementor-element elementor-element-3152bda\" data-id=\"3152bda\" data-element_type=\"column\" data-e-type=\"column\">\n\t\t\t<div class=\"elementor-widget-wrap elementor-element-populated\">\n\t\t\t\t\t\t<div class=\"elementor-element elementor-element-45134cf elementor-align-left elementor-widget elementor-widget-pages-banner\" data-id=\"45134cf\" data-element_type=\"widget\" data-e-type=\"widget\" data-widget_type=\"pages-banner.default\">\n\t\t\t\t<div class=\"elementor-widget-container\">\n\t\t\t\t\t\r\n\t\t\t\t<div class=\"banner-header section-padding valign bg-img bg-fixed\" data-overlay-dark=\"4\" data-background=\"https:\/\/calendula.hu\/wp-content\/uploads\/2023\/04\/Calendula0036.jpg\">\r\n\t\t\t\t\t<div class=\"container\">\r\n\t\t\t\t<div class=\"row\">\r\n\t\t\t\t\t<div class=\"col-md-12 caption mt-90\">\r\n\t\t\t\t\t\t\t\t\t\t\t\t\t\t\t\t\t\t<h1>Kezelt betegs\u00e9gek<\/h1>\r\n\t\t\t\t\t\t\t\t\t\t\t<\/div>\r\n\t\t\t\t<\/div>\r\n\t\t\t<\/div>\r\n\t\t<\/div>\r\n\r\n\t\t\t\t\t<\/div>\n\t\t\t\t<\/div>\n\t\t\t\t\t<\/div>\n\t\t<\/div>\n\t\t\t\t\t<\/div>\n\t\t<\/section>\n\t\t<div class=\"elementor-element elementor-element-eaed762 e-flex e-con-boxed e-con e-parent\" data-id=\"eaed762\" data-element_type=\"container\" data-e-type=\"container\" data-settings=\"{&quot;shape_divider_top&quot;:&quot;opacity-fan&quot;,&quot;shape_divider_bottom&quot;:&quot;opacity-fan&quot;}\">\n\t\t\t\t\t<div class=\"e-con-inner\">\n\t\t\t\t<div class=\"elementor-shape elementor-shape-top\" aria-hidden=\"true\" data-negative=\"false\">\n\t\t\t<svg xmlns=\"http:\/\/www.w3.org\/2000\/svg\" viewBox=\"0 0 283.5 19.6\" preserveAspectRatio=\"none\">\n\t<path class=\"elementor-shape-fill\" style=\"opacity:0.33\" d=\"M0 0L0 18.8 141.8 4.1 283.5 18.8 283.5 0z\"\/>\n\t<path class=\"elementor-shape-fill\" style=\"opacity:0.33\" d=\"M0 0L0 12.6 141.8 4 283.5 12.6 283.5 0z\"\/>\n\t<path class=\"elementor-shape-fill\" style=\"opacity:0.33\" d=\"M0 0L0 6.4 141.8 4 283.5 6.4 283.5 0z\"\/>\n\t<path class=\"elementor-shape-fill\" d=\"M0 0L0 1.2 141.8 4 283.5 1.2 283.5 0z\"\/>\n<\/svg>\t\t<\/div>\n\t\t\t\t<div class=\"elementor-shape elementor-shape-bottom\" aria-hidden=\"true\" data-negative=\"false\">\n\t\t\t<svg xmlns=\"http:\/\/www.w3.org\/2000\/svg\" viewBox=\"0 0 283.5 19.6\" preserveAspectRatio=\"none\">\n\t<path class=\"elementor-shape-fill\" style=\"opacity:0.33\" d=\"M0 0L0 18.8 141.8 4.1 283.5 18.8 283.5 0z\"\/>\n\t<path class=\"elementor-shape-fill\" style=\"opacity:0.33\" d=\"M0 0L0 12.6 141.8 4 283.5 12.6 283.5 0z\"\/>\n\t<path class=\"elementor-shape-fill\" style=\"opacity:0.33\" d=\"M0 0L0 6.4 141.8 4 283.5 6.4 283.5 0z\"\/>\n\t<path class=\"elementor-shape-fill\" d=\"M0 0L0 1.2 141.8 4 283.5 1.2 283.5 0z\"\/>\n<\/svg>\t\t<\/div>\n\t\t\t\t<div class=\"elementor-element elementor-element-8c49125 elementor-widget elementor-widget-heading\" data-id=\"8c49125\" data-element_type=\"widget\" data-e-type=\"widget\" data-widget_type=\"heading.default\">\n\t\t\t\t<div class=\"elementor-widget-container\">\n\t\t\t\t\t<div class=\"elementor-heading-title elementor-size-default\">Az Ayurv\u00e9da szeml\u00e9let\u00e9ben<\/div>\t\t\t\t<\/div>\n\t\t\t\t<\/div>\n\t\t\t\t<div class=\"elementor-element elementor-element-38d5061 elementor-widget elementor-widget-text-editor\" data-id=\"38d5061\" data-element_type=\"widget\" data-e-type=\"widget\" data-widget_type=\"text-editor.default\">\n\t\t\t\t<div class=\"elementor-widget-container\">\n\t\t\t\t\t\t\t\t\t<p>A Calendula Klinik\u00e1n nem a t\u00fcneteket, hanem az embert, mint egys\u00e9g vizsg\u00e1ljuk. Az ayurv\u00e9dikus orvosl\u00e1s c\u00e9lja a bels\u0151 egyens\u00faly helyre\u00e1ll\u00edt\u00e1sa \u2013 \u00edgy a gy\u00f3gyul\u00e1s nemcsak gyorsabb, hanem tart\u00f3sabb is lehet. Sz\u00e1mos civiliz\u00e1ci\u00f3s betegs\u00e9g, kr\u00f3nikus panasz \u00e9s testi-lelki t\u00fcnet eset\u00e9n k\u00edn\u00e1lunk hat\u00e9kony, term\u00e9szetes megold\u00e1st.<\/p>\t\t\t\t\t\t\t\t<\/div>\n\t\t\t\t<\/div>\n\t\t\t\t<div class=\"elementor-element elementor-element-680c8a3 elementor-widget elementor-widget-text-editor\" data-id=\"680c8a3\" data-element_type=\"widget\" data-e-type=\"widget\" data-widget_type=\"text-editor.default\">\n\t\t\t\t<div class=\"elementor-widget-container\">\n\t\t\t\t\t\t\t\t\t<p>Az ayurv\u00e9da szerint minden betegs\u00e9g egyens\u00falyveszt\u00e9sb\u0151l ered \u2013 legyen sz\u00f3 fizikai, ment\u00e1lis vagy \u00e9rzelmi szintr\u0151l. Klinik\u00e1nkon ennek megfelel\u0151en komplex m\u00f3don k\u00f6zel\u00edtj\u00fck meg a kezel\u00e9st: nemcsak a t\u00fcneteket enyh\u00edtj\u00fck, hanem az okokat is felt\u00e1rjuk \u00e9s kezelj\u00fck.<\/p><p>A leggyakrabban kezelt betegs\u00e9gek \u00e9s panaszok k\u00f6z\u00e9 tartoznak:<\/p>\t\t\t\t\t\t\t\t<\/div>\n\t\t\t\t<\/div>\n\t\t\t\t<div class=\"elementor-element elementor-element-b7478fa elementor-icon-list--layout-traditional elementor-list-item-link-full_width elementor-widget elementor-widget-icon-list\" data-id=\"b7478fa\" data-element_type=\"widget\" data-e-type=\"widget\" data-widget_type=\"icon-list.default\">\n\t\t\t\t<div class=\"elementor-widget-container\">\n\t\t\t\t\t\t\t<ul class=\"elementor-icon-list-items\">\n\t\t\t\t\t\t\t<li class=\"elementor-icon-list-item\">\n\t\t\t\t\t\t\t\t\t\t\t<span class=\"elementor-icon-list-icon\">\n\t\t\t\t\t\t\t<i aria-hidden=\"true\" class=\"fas fa-chevron-right\"><\/i>\t\t\t\t\t\t<\/span>\n\t\t\t\t\t\t\t\t\t\t<span class=\"elementor-icon-list-text\"> Em\u00e9szt\u0151rendszeri zavarok: puffad\u00e1s, sz\u00e9kreked\u00e9s, reflux, IBS, gasztritisz, funkcion\u00e1lis diszpepszia, colitis, m\u00e1jzs\u00edrosod\u00e1s.<\/span>\n\t\t\t\t\t\t\t\t\t<\/li>\n\t\t\t\t\t\t\t\t<li class=\"elementor-icon-list-item\">\n\t\t\t\t\t\t\t\t\t\t\t<span class=\"elementor-icon-list-icon\">\n\t\t\t\t\t\t\t<i aria-hidden=\"true\" class=\"fas fa-chevron-right\"><\/i>\t\t\t\t\t\t<\/span>\n\t\t\t\t\t\t\t\t\t\t<span class=\"elementor-icon-list-text\">Pajzsmirigy betegs\u00e9gek: hipo vagy hiperfunkci\u00f3, thyreoditisek, hashimoto betegs\u00e9g<\/span>\n\t\t\t\t\t\t\t\t\t<\/li>\n\t\t\t\t\t\t\t\t<li class=\"elementor-icon-list-item\">\n\t\t\t\t\t\t\t\t\t\t\t<span class=\"elementor-icon-list-icon\">\n\t\t\t\t\t\t\t<i aria-hidden=\"true\" class=\"fas fa-chevron-right\"><\/i>\t\t\t\t\t\t<\/span>\n\t\t\t\t\t\t\t\t\t\t<span class=\"elementor-icon-list-text\">Vegetat\u00edv rendelleness\u00e9gek: stressz okozta em\u00e9szt\u00e9si zavarok, hangulatzavarok, nyugtalans\u00e1g, szorong\u00e1s, alv\u00e1szavarok, az alv\u00e1smin\u0151s\u00e9g roml\u00e1sa, kr\u00f3nikus f\u00e1radts\u00e1g, palpit\u00e1ci\u00f3k.<\/span>\n\t\t\t\t\t\t\t\t\t<\/li>\n\t\t\t\t\t\t\t\t<li class=\"elementor-icon-list-item\">\n\t\t\t\t\t\t\t\t\t\t\t<span class=\"elementor-icon-list-icon\">\n\t\t\t\t\t\t\t<i aria-hidden=\"true\" class=\"fas fa-chevron-right\"><\/i>\t\t\t\t\t\t<\/span>\n\t\t\t\t\t\t\t\t\t\t<span class=\"elementor-icon-list-text\">Mozg\u00e1sszervi panaszok: <br><br> 1. \u00cdz\u00fcleti betegs\u00e9gek: \u00edz\u00fcleti gyullad\u00e1sos \u00e9s kop\u00e1sos (degenerat\u00edv) k\u00f3rk\u00e9pek <br \/>  2. Gerinc betegs\u00e9gek: gerinc degenerat\u00edv elv\u00e1ltoz\u00e1sok, gerincmeszesed\u00e9s (spondilozis), porckorong kop\u00e1sok, porckorong s\u00e9rv. <\/span>\n\t\t\t\t\t\t\t\t\t<\/li>\n\t\t\t\t\t\t\t\t<li class=\"elementor-icon-list-item\">\n\t\t\t\t\t\t\t\t\t\t\t<span class=\"elementor-icon-list-icon\">\n\t\t\t\t\t\t\t<i aria-hidden=\"true\" class=\"fas fa-chevron-right\"><\/i>\t\t\t\t\t\t<\/span>\n\t\t\t\t\t\t\t\t\t\t<span class=\"elementor-icon-list-text\">L\u00e9gz\u0151szervi betegs\u00e9gek: asztma, allergia, kr\u00f3nikus arc\u00fcreggyullad\u00e1s, gyakori l\u00e9g\u00fati fert\u0151z\u00e9sek<\/span>\n\t\t\t\t\t\t\t\t\t<\/li>\n\t\t\t\t\t\t\t\t<li class=\"elementor-icon-list-item\">\n\t\t\t\t\t\t\t\t\t\t\t<span class=\"elementor-icon-list-icon\">\n\t\t\t\t\t\t\t<i aria-hidden=\"true\" class=\"fas fa-chevron-right\"><\/i>\t\t\t\t\t\t<\/span>\n\t\t\t\t\t\t\t\t\t\t<span class=\"elementor-icon-list-text\">Anyagcsere zavarok: t\u00fals\u00faly, inzulinrezisztencia, hiperinzulin\u00e9mia, II-es t\u00edpus\u00fa diab\u00e9tesz, dyslipidemi\u00e1k, magasz koleszterin \u00e9s trigliceridek.<\/span>\n\t\t\t\t\t\t\t\t\t<\/li>\n\t\t\t\t\t\t\t\t<li class=\"elementor-icon-list-item\">\n\t\t\t\t\t\t\t\t\t\t\t<span class=\"elementor-icon-list-icon\">\n\t\t\t\t\t\t\t<i aria-hidden=\"true\" class=\"fas fa-chevron-right\"><\/i>\t\t\t\t\t\t<\/span>\n\t\t\t\t\t\t\t\t\t\t<span class=\"elementor-icon-list-text\">Magas v\u00e9rnyom\u00e1s \u00e9s sz\u00edv- \u00e9rrendszeri betegs\u00e9gek. <\/span>\n\t\t\t\t\t\t\t\t\t<\/li>\n\t\t\t\t\t\t\t\t<li class=\"elementor-icon-list-item\">\n\t\t\t\t\t\t\t\t\t\t\t<span class=\"elementor-icon-list-icon\">\n\t\t\t\t\t\t\t<i aria-hidden=\"true\" class=\"fas fa-chevron-right\"><\/i>\t\t\t\t\t\t<\/span>\n\t\t\t\t\t\t\t\t\t\t<span class=\"elementor-icon-list-text\">F\u00e9rfi eg\u00e9szs\u00e9g\u00fcgyi probl\u00e9m\u00e1k: prostatitisek, prosztata hiperpl\u00e1zia, erektilis diszfunkci\u00f3, fertilit\u00e1si probl\u00e9m\u00e1k<\/span>\n\t\t\t\t\t\t\t\t\t<\/li>\n\t\t\t\t\t\t\t\t<li class=\"elementor-icon-list-item\">\n\t\t\t\t\t\t\t\t\t\t\t<span class=\"elementor-icon-list-icon\">\n\t\t\t\t\t\t\t<i aria-hidden=\"true\" class=\"fas fa-chevron-right\"><\/i>\t\t\t\t\t\t<\/span>\n\t\t\t\t\t\t\t\t\t\t<span class=\"elementor-icon-list-text\">N\u0151i eg\u00e9szs\u00e9g\u00fcgyi probl\u00e9m\u00e1k: premenopauza, posztmenopauza, menopauza, PCOS szindr\u00f3ma, menstru\u00e1ci\u00f3s f\u00e1jdalmak, fertilit\u00e1si probl\u00e9m\u00e1k.<\/span>\n\t\t\t\t\t\t\t\t\t<\/li>\n\t\t\t\t\t\t\t\t<li class=\"elementor-icon-list-item\">\n\t\t\t\t\t\t\t\t\t\t\t<span class=\"elementor-icon-list-icon\">\n\t\t\t\t\t\t\t<i aria-hidden=\"true\" class=\"fas fa-chevron-right\"><\/i>\t\t\t\t\t\t<\/span>\n\t\t\t\t\t\t\t\t\t\t<span class=\"elementor-icon-list-text\">Post-COVID szindr\u00f3ma: neuralgia, myalgia, arthralgia, long-COVID l\u00e9gz\u0151rendszeri zavarok, pareszt\u00e9zia, alv\u00e1szavarok, kognit\u00edv diszfunkci\u00f3, hangulatzavarok.<\/span>\n\t\t\t\t\t\t\t\t\t<\/li>\n\t\t\t\t\t\t\t\t<li class=\"elementor-icon-list-item\">\n\t\t\t\t\t\t\t\t\t\t\t<span class=\"elementor-icon-list-icon\">\n\t\t\t\t\t\t\t<i aria-hidden=\"true\" class=\"fas fa-chevron-right\"><\/i>\t\t\t\t\t\t<\/span>\n\t\t\t\t\t\t\t\t\t\t<span class=\"elementor-icon-list-text\">Fejf\u00e1j\u00e1sok: tenzi\u00f3s fejf\u00e1j\u00e1s, nyaki fejf\u00e1j\u00e1s (cervicalgia), v\u00edrusos betegs\u00e9gek ut\u00e1ni fejf\u00e1j\u00e1s, posztherpetikus neuralgia. <\/span>\n\t\t\t\t\t\t\t\t\t<\/li>\n\t\t\t\t\t\t<\/ul>\n\t\t\t\t\t\t<\/div>\n\t\t\t\t<\/div>\n\t\t\t\t<div class=\"elementor-element elementor-element-642f6de elementor-widget elementor-widget-text-editor\" data-id=\"642f6de\" data-element_type=\"widget\" data-e-type=\"widget\" data-widget_type=\"text-editor.default\">\n\t\t\t\t<div class=\"elementor-widget-container\">\n\t\t\t\t\t\t\t\t\t<p>A kezel\u00e9sek alapj\u00e1t mindig r\u00e9szletes diagnosztika, majd egy szem\u00e9lyre szabott ter\u00e1pi\u00e1s terv k\u00e9pezi, amely kombin\u00e1lhatja a klasszikus ayurv\u00e9dikus m\u00f3dszereket (pl. panchakarma, fitoter\u00e1pia, olajos kezel\u00e9sek, di\u00e9ta, j\u00f3ga) a legmodernebb nyugati gy\u00f3gykezel\u00e9sekkel.<\/p><p>Ha hossz\u00fa ideje fenn\u00e1ll\u00f3 panasszal \u00e9l, vagy szeretn\u00e9 megel\u0151zni a komolyabb betegs\u00e9geket, az ayurv\u00e9da term\u00e9szetes, k\u00edm\u00e9letes \u00e9s m\u00e9gis hat\u00e9kony alternat\u00edv\u00e1t k\u00edn\u00e1l. Forduljon hozz\u00e1nk bizalommal \u2013 seg\u00edt\u00fcnk visszatal\u00e1lni testi-lelki egyens\u00faly\u00e1hoz.<\/p>\t\t\t\t\t\t\t\t<\/div>\n\t\t\t\t<\/div>\n\t\t\t\t\t<\/div>\n\t\t\t\t<\/div>\n\t\t\t\t<section class=\"elementor-section elementor-top-section elementor-element elementor-element-4dabbbe elementor-section-full_width elementor-section-height-default elementor-section-height-default\" data-id=\"4dabbbe\" data-element_type=\"section\" data-e-type=\"section\">\n\t\t\t\t\t\t<div class=\"elementor-container elementor-column-gap-no\">\n\t\t\t\t\t<div class=\"elementor-column elementor-col-100 elementor-top-column elementor-element elementor-element-28fc5da\" data-id=\"28fc5da\" data-element_type=\"column\" data-e-type=\"column\">\n\t\t\t<div class=\"elementor-widget-wrap elementor-element-populated\">\n\t\t\t\t\t\t<div class=\"elementor-element elementor-element-508c6d2 elementor-align-left elementor-widget elementor-widget-pages-blog\" data-id=\"508c6d2\" data-element_type=\"widget\" data-e-type=\"widget\" data-widget_type=\"pages-blog.default\">\n\t\t\t\t<div class=\"elementor-widget-container\">\n\t\t\t\t\t\r\n\t\t\t\t<section class=\"news section-padding bg-black\">\r\n\t\t\t\t\t<div class=\"container\">\r\n\t\t\t\t<div class=\"row\">\r\n\t\t\t\t\t\t\t\t\t\t\t<div class=\"col-md-4 mb-30\">\r\n\t\t\t\t\t\t\t<div class=\"item\">\r\n\t\t\t\t\t\t\t\t<div class=\"position-re o-hidden\"> <img decoding=\"async\" src=\"https:\/\/calendula.hu\/wp-content\/uploads\/2026\/02\/c230173732927480a32997dfca8984ac.jpg\" alt=\"\">\r\n\t\t\t\t\t\t\t\t\t<div class=\"date\">\r\n\t\t\t\t\t\t\t\t\t\t<a href=\"https:\/\/calendula.hu\/hu\/levendula-detox-program\/\"> <span>febr<\/span> <i>5<\/i> <\/a>\r\n\t\t\t\t\t\t\t\t\t<\/div>\r\n\t\t\t\t\t\t\t\t<\/div>\r\n\t\t\t\t\t\t\t\t<div class=\"con\"> <span class=\"category\">Ayurv\u00e9dikus m\u00e9regtelen\u00edt\u00e9s<\/span>\r\n\t\t\t\t\t\t\t\t\t<h5><a href=\"https:\/\/calendula.hu\/hu\/levendula-detox-program\/\">Tavaszi tisztul\u00e1s program<\/a><\/h5>\r\n\t\t\t\t\t\t\t\t<\/div>\r\n\t\t\t\t\t\t\t<\/div>\r\n\t\t\t\t\t\t<\/div>\r\n\t\t\t\t\t\t\t\t\t\t\t<div class=\"col-md-4 mb-30\">\r\n\t\t\t\t\t\t\t<div class=\"item\">\r\n\t\t\t\t\t\t\t\t<div class=\"position-re o-hidden\"> <img decoding=\"async\" src=\"https:\/\/calendula.hu\/wp-content\/uploads\/2026\/02\/1b276d52035821c5f6cd032f0bf707f5.jpg\" alt=\"\">\r\n\t\t\t\t\t\t\t\t\t<div class=\"date\">\r\n\t\t\t\t\t\t\t\t\t\t<a href=\"https:\/\/calendula.hu\/hu\/stressz-menedzsment-program\/\"> <span>febr<\/span> <i>5<\/i> <\/a>\r\n\t\t\t\t\t\t\t\t\t<\/div>\r\n\t\t\t\t\t\t\t\t<\/div>\r\n\t\t\t\t\t\t\t\t<div class=\"con\"> <span class=\"category\">Komplex stresszcs\u00f6kkent\u0151 program<\/span>\r\n\t\t\t\t\t\t\t\t\t<h5><a href=\"https:\/\/calendula.hu\/hu\/stressz-menedzsment-program\/\">Stressz Menedzsment Program<\/a><\/h5>\r\n\t\t\t\t\t\t\t\t<\/div>\r\n\t\t\t\t\t\t\t<\/div>\r\n\t\t\t\t\t\t<\/div>\r\n\t\t\t\t\t\t\t\t\t\t\t<div class=\"col-md-4 mb-30\">\r\n\t\t\t\t\t\t\t<div class=\"item\">\r\n\t\t\t\t\t\t\t\t<div class=\"position-re o-hidden\"> <img decoding=\"async\" src=\"https:\/\/calendula.hu\/wp-content\/uploads\/2026\/01\/calendula-magnesterapia-1.jpg\" alt=\"\">\r\n\t\t\t\t\t\t\t\t\t<div class=\"date\">\r\n\t\t\t\t\t\t\t\t\t\t<a href=\"https:\/\/calendula.hu\/hu\/magnesterapia\/\"> <span>jan<\/span> <i>22<\/i> <\/a>\r\n\t\t\t\t\t\t\t\t\t<\/div>\r\n\t\t\t\t\t\t\t\t<\/div>\r\n\t\t\t\t\t\t\t\t<div class=\"con\"> <span class=\"category\">Fizioter\u00e1pia<\/span>\r\n\t\t\t\t\t\t\t\t\t<h5><a href=\"https:\/\/calendula.hu\/hu\/magnesterapia\/\">M\u00e1gnester\u00e1pia<\/a><\/h5>\r\n\t\t\t\t\t\t\t\t<\/div>\r\n\t\t\t\t\t\t\t<\/div>\r\n\t\t\t\t\t\t<\/div>\r\n\t\t\t\t\t\t\t\t\t\t\t<div class=\"col-md-4 mb-30\">\r\n\t\t\t\t\t\t\t<div class=\"item\">\r\n\t\t\t\t\t\t\t\t<div class=\"position-re o-hidden\"> <img decoding=\"async\" src=\"\" alt=\"\">\r\n\t\t\t\t\t\t\t\t\t<div class=\"date\">\r\n\t\t\t\t\t\t\t\t\t\t<a href=\"https:\/\/calendula.hu\/hu\/lezerterapia\/\"> <span>jan<\/span> <i>22<\/i> <\/a>\r\n\t\t\t\t\t\t\t\t\t<\/div>\r\n\t\t\t\t\t\t\t\t<\/div>\r\n\t\t\t\t\t\t\t\t<div class=\"con\"> <span class=\"category\">Fizioter\u00e1pia<\/span>\r\n\t\t\t\t\t\t\t\t\t<h5><a href=\"https:\/\/calendula.hu\/hu\/lezerterapia\/\">L\u00e9zerter\u00e1pia<\/a><\/h5>\r\n\t\t\t\t\t\t\t\t<\/div>\r\n\t\t\t\t\t\t\t<\/div>\r\n\t\t\t\t\t\t<\/div>\r\n\t\t\t\t\t\t\t\t\t\t\t<div class=\"col-md-4 mb-30\">\r\n\t\t\t\t\t\t\t<div class=\"item\">\r\n\t\t\t\t\t\t\t\t<div class=\"position-re o-hidden\"> <img decoding=\"async\" src=\"https:\/\/calendula.hu\/wp-content\/uploads\/2025\/01\/calendula-shirodhara-olajok-1.webp\" alt=\"\">\r\n\t\t\t\t\t\t\t\t\t<div class=\"date\">\r\n\t\t\t\t\t\t\t\t\t\t<a href=\"https:\/\/calendula.hu\/hu\/shirodhara-masszazs\/\"> <span>jan<\/span> <i>29<\/i> <\/a>\r\n\t\t\t\t\t\t\t\t\t<\/div>\r\n\t\t\t\t\t\t\t\t<\/div>\r\n\t\t\t\t\t\t\t\t<div class=\"con\"> <span class=\"category\"><\/span>\r\n\t\t\t\t\t\t\t\t\t<h5><a href=\"https:\/\/calendula.hu\/hu\/shirodhara-masszazs\/\">Shirodhara: m\u00e9ly relax\u00e1ci\u00f3 \u00e9s ment\u00e1lis tisztas\u00e1g indiai massz\u00e1zzsal<\/a><\/h5>\r\n\t\t\t\t\t\t\t\t<\/div>\r\n\t\t\t\t\t\t\t<\/div>\r\n\t\t\t\t\t\t<\/div>\r\n\t\t\t\t\t\t\t\t\t\t\t<div class=\"col-md-4 mb-30\">\r\n\t\t\t\t\t\t\t<div class=\"item\">\r\n\t\t\t\t\t\t\t\t<div class=\"position-re o-hidden\"> <img decoding=\"async\" src=\"https:\/\/calendula.hu\/wp-content\/uploads\/2025\/01\/calendula-beauty-cover-1.jpg\" alt=\"\">\r\n\t\t\t\t\t\t\t\t\t<div class=\"date\">\r\n\t\t\t\t\t\t\t\t\t\t<a href=\"https:\/\/calendula.hu\/hu\/rassayana-vajikarana-ajurveda\/\"> <span>jan<\/span> <i>27<\/i> <\/a>\r\n\t\t\t\t\t\t\t\t\t<\/div>\r\n\t\t\t\t\t\t\t\t<\/div>\r\n\t\t\t\t\t\t\t\t<div class=\"con\"> <span class=\"category\"><\/span>\r\n\t\t\t\t\t\t\t\t\t<h5><a href=\"https:\/\/calendula.hu\/hu\/rassayana-vajikarana-ajurveda\/\">Rassayana vajikarana az ajurv\u00e9d\u00e1ban<\/a><\/h5>\r\n\t\t\t\t\t\t\t\t<\/div>\r\n\t\t\t\t\t\t\t<\/div>\r\n\t\t\t\t\t\t<\/div>\r\n\t\t\t\t\t\t\t\t\t\t\t<div class=\"col-md-4 mb-30\">\r\n\t\t\t\t\t\t\t<div class=\"item\">\r\n\t\t\t\t\t\t\t\t<div class=\"position-re o-hidden\"> <img decoding=\"async\" src=\"https:\/\/calendula.hu\/wp-content\/uploads\/2024\/12\/calendula-abhyanga-masszazs-1.webp\" alt=\"\">\r\n\t\t\t\t\t\t\t\t\t<div class=\"date\">\r\n\t\t\t\t\t\t\t\t\t\t<a href=\"https:\/\/calendula.hu\/hu\/abhyanga-meleg-olajos-masszazs\/\"> <span>dec<\/span> <i>13<\/i> <\/a>\r\n\t\t\t\t\t\t\t\t\t<\/div>\r\n\t\t\t\t\t\t\t\t<\/div>\r\n\t\t\t\t\t\t\t\t<div class=\"con\"> <span class=\"category\"><\/span>\r\n\t\t\t\t\t\t\t\t\t<h5><a href=\"https:\/\/calendula.hu\/hu\/abhyanga-meleg-olajos-masszazs\/\">Meleg olajos abhyanga massz\u00e1zs: a testet \u00e9s lelket is gy\u00f3gy\u00edtja<\/a><\/h5>\r\n\t\t\t\t\t\t\t\t<\/div>\r\n\t\t\t\t\t\t\t<\/div>\r\n\t\t\t\t\t\t<\/div>\r\n\t\t\t\t\t\t\t\t\t\t\t<div class=\"col-md-4 mb-30\">\r\n\t\t\t\t\t\t\t<div class=\"item\">\r\n\t\t\t\t\t\t\t\t<div class=\"position-re o-hidden\"> <img decoding=\"async\" src=\"https:\/\/calendula.hu\/wp-content\/uploads\/2024\/12\/calendula-akupunktura-fajdalomcsillapitas-1.webp\" alt=\"\">\r\n\t\t\t\t\t\t\t\t\t<div class=\"date\">\r\n\t\t\t\t\t\t\t\t\t\t<a href=\"https:\/\/calendula.hu\/hu\/hogyan-segit-az-akupunktura\/\"> <span>dec<\/span> <i>13<\/i> <\/a>\r\n\t\t\t\t\t\t\t\t\t<\/div>\r\n\t\t\t\t\t\t\t\t<\/div>\r\n\t\t\t\t\t\t\t\t<div class=\"con\"> <span class=\"category\"><\/span>\r\n\t\t\t\t\t\t\t\t\t<h5><a href=\"https:\/\/calendula.hu\/hu\/hogyan-segit-az-akupunktura\/\">Hogyan seg\u00edt az akupunkt\u00fara?<\/a><\/h5>\r\n\t\t\t\t\t\t\t\t<\/div>\r\n\t\t\t\t\t\t\t<\/div>\r\n\t\t\t\t\t\t<\/div>\r\n\t\t\t\t\t\t\t\t\t\t\t<div class=\"col-md-4 mb-30\">\r\n\t\t\t\t\t\t\t<div class=\"item\">\r\n\t\t\t\t\t\t\t\t<div class=\"position-re o-hidden\"> <img decoding=\"async\" src=\"https:\/\/calendula.hu\/wp-content\/uploads\/2024\/12\/calendula-kollagen-injekcio-ara-1.webp\" alt=\"\">\r\n\t\t\t\t\t\t\t\t\t<div class=\"date\">\r\n\t\t\t\t\t\t\t\t\t\t<a href=\"https:\/\/calendula.hu\/hu\/kollageninjekcio-terapia\/\"> <span>dec<\/span> <i>6<\/i> <\/a>\r\n\t\t\t\t\t\t\t\t\t<\/div>\r\n\t\t\t\t\t\t\t\t<\/div>\r\n\t\t\t\t\t\t\t\t<div class=\"con\"> <span class=\"category\"><\/span>\r\n\t\t\t\t\t\t\t\t\t<h5><a href=\"https:\/\/calendula.hu\/hu\/kollageninjekcio-terapia\/\">Kollag\u00e9ninjekci\u00f3 ter\u00e1pia az \u00edz\u00fcletek \u00e9s sz\u00f6veteg eg\u00e9szs\u00e9g\u00e9\u00e9rt<\/a><\/h5>\r\n\t\t\t\t\t\t\t\t<\/div>\r\n\t\t\t\t\t\t\t<\/div>\r\n\t\t\t\t\t\t<\/div>\r\n\t\t\t\t\t\t\t\t\t\t\t<div class=\"col-md-4 mb-30\">\r\n\t\t\t\t\t\t\t<div class=\"item\">\r\n\t\t\t\t\t\t\t\t<div class=\"position-re o-hidden\"> <img decoding=\"async\" src=\"\" alt=\"\">\r\n\t\t\t\t\t\t\t\t\t<div class=\"date\">\r\n\t\t\t\t\t\t\t\t\t\t<a href=\"https:\/\/calendula.hu\/hu\/dosak-szerinti-ayurvedikus-etkezes-alapjai\/\"> <span>nov<\/span> <i>27<\/i> <\/a>\r\n\t\t\t\t\t\t\t\t\t<\/div>\r\n\t\t\t\t\t\t\t\t<\/div>\r\n\t\t\t\t\t\t\t\t<div class=\"con\"> <span class=\"category\"><\/span>\r\n\t\t\t\t\t\t\t\t\t<h5><a href=\"https:\/\/calendula.hu\/hu\/dosak-szerinti-ayurvedikus-etkezes-alapjai\/\">D\u00f3s\u00e1k szerinti ayurv\u00e9dikus \u00e9tkez\u00e9s alapjai<\/a><\/h5>\r\n\t\t\t\t\t\t\t\t<\/div>\r\n\t\t\t\t\t\t\t<\/div>\r\n\t\t\t\t\t\t<\/div>\r\n\t\t\t\t\t\t\t\t\t\t\t<div class=\"col-md-4 mb-30\">\r\n\t\t\t\t\t\t\t<div class=\"item\">\r\n\t\t\t\t\t\t\t\t<div class=\"position-re o-hidden\"> <img decoding=\"async\" src=\"\" alt=\"\">\r\n\t\t\t\t\t\t\t\t\t<div class=\"date\">\r\n\t\t\t\t\t\t\t\t\t\t<a href=\"https:\/\/calendula.hu\/hu\/holisztikus-szemlelet-ami-a-gyogyitas-uj-lehetosegeit-nyitja-meg\/\"> <span>okt<\/span> <i>26<\/i> <\/a>\r\n\t\t\t\t\t\t\t\t\t<\/div>\r\n\t\t\t\t\t\t\t\t<\/div>\r\n\t\t\t\t\t\t\t\t<div class=\"con\"> <span class=\"category\"><\/span>\r\n\t\t\t\t\t\t\t\t\t<h5><a href=\"https:\/\/calendula.hu\/hu\/holisztikus-szemlelet-ami-a-gyogyitas-uj-lehetosegeit-nyitja-meg\/\">Holisztikus szeml\u00e9let, ami a gy\u00f3gy\u00edt\u00e1s \u00faj lehet\u0151s\u00e9geit nyitja meg<\/a><\/h5>\r\n\t\t\t\t\t\t\t\t<\/div>\r\n\t\t\t\t\t\t\t<\/div>\r\n\t\t\t\t\t\t<\/div>\r\n\t\t\t\t\t\t\t\t\t\t\t<div class=\"col-md-4 mb-30\">\r\n\t\t\t\t\t\t\t<div class=\"item\">\r\n\t\t\t\t\t\t\t\t<div class=\"position-re o-hidden\"> <img decoding=\"async\" src=\"\" alt=\"\">\r\n\t\t\t\t\t\t\t\t\t<div class=\"date\">\r\n\t\t\t\t\t\t\t\t\t\t<a href=\"https:\/\/calendula.hu\/hu\/a-gerincserv-es-porckorongserv-okai-tunetei-es-kezelese\/\"> <span>okt<\/span> <i>21<\/i> <\/a>\r\n\t\t\t\t\t\t\t\t\t<\/div>\r\n\t\t\t\t\t\t\t\t<\/div>\r\n\t\t\t\t\t\t\t\t<div class=\"con\"> <span class=\"category\"><\/span>\r\n\t\t\t\t\t\t\t\t\t<h5><a href=\"https:\/\/calendula.hu\/hu\/a-gerincserv-es-porckorongserv-okai-tunetei-es-kezelese\/\">A gerincs\u00e9rv \u00e9s porckorongs\u00e9rv okai, t\u00fcnetei \u00e9s kezel\u00e9se<\/a><\/h5>\r\n\t\t\t\t\t\t\t\t<\/div>\r\n\t\t\t\t\t\t\t<\/div>\r\n\t\t\t\t\t\t<\/div>\r\n\t\t\t\t\t\t\t\t\t\t\t<div class=\"col-md-4 mb-30\">\r\n\t\t\t\t\t\t\t<div class=\"item\">\r\n\t\t\t\t\t\t\t\t<div class=\"position-re o-hidden\"> <img decoding=\"async\" src=\"\" alt=\"\">\r\n\t\t\t\t\t\t\t\t\t<div class=\"date\">\r\n\t\t\t\t\t\t\t\t\t\t<a href=\"https:\/\/calendula.hu\/hu\/termeszetes-gyogymodok-stressz-ellen\/\"> <span>szept<\/span> <i>27<\/i> <\/a>\r\n\t\t\t\t\t\t\t\t\t<\/div>\r\n\t\t\t\t\t\t\t\t<\/div>\r\n\t\t\t\t\t\t\t\t<div class=\"con\"> <span class=\"category\"><\/span>\r\n\t\t\t\t\t\t\t\t\t<h5><a href=\"https:\/\/calendula.hu\/hu\/termeszetes-gyogymodok-stressz-ellen\/\">Term\u00e9szetes gy\u00f3gym\u00f3dok a stressz ellen<\/a><\/h5>\r\n\t\t\t\t\t\t\t\t<\/div>\r\n\t\t\t\t\t\t\t<\/div>\r\n\t\t\t\t\t\t<\/div>\r\n\t\t\t\t\t\t\t\t\t\t\t<div class=\"col-md-4 mb-30\">\r\n\t\t\t\t\t\t\t<div class=\"item\">\r\n\t\t\t\t\t\t\t\t<div class=\"position-re o-hidden\"> <img decoding=\"async\" src=\"\" alt=\"\">\r\n\t\t\t\t\t\t\t\t\t<div class=\"date\">\r\n\t\t\t\t\t\t\t\t\t\t<a href=\"https:\/\/calendula.hu\/hu\/legyengult-szervezet-erositese\/\"> <span>szept<\/span> <i>27<\/i> <\/a>\r\n\t\t\t\t\t\t\t\t\t<\/div>\r\n\t\t\t\t\t\t\t\t<\/div>\r\n\t\t\t\t\t\t\t\t<div class=\"con\"> <span class=\"category\"><\/span>\r\n\t\t\t\t\t\t\t\t\t<h5><a href=\"https:\/\/calendula.hu\/hu\/legyengult-szervezet-erositese\/\">Hogyan lehet term\u00e9szetes \u00faton er\u0151s\u00edteni az immunit\u00e1st?<\/a><\/h5>\r\n\t\t\t\t\t\t\t\t<\/div>\r\n\t\t\t\t\t\t\t<\/div>\r\n\t\t\t\t\t\t<\/div>\r\n\t\t\t\t\t\t\t\t\t\t\t<div class=\"col-md-4 mb-30\">\r\n\t\t\t\t\t\t\t<div class=\"item\">\r\n\t\t\t\t\t\t\t\t<div class=\"position-re o-hidden\"> <img decoding=\"async\" src=\"https:\/\/calendula.hu\/wp-content\/uploads\/2024\/08\/calendula-inzulinrezisztencia-cukorbetegseg-1.webp\" alt=\"\">\r\n\t\t\t\t\t\t\t\t\t<div class=\"date\">\r\n\t\t\t\t\t\t\t\t\t\t<a href=\"https:\/\/calendula.hu\/hu\/inzulinrezisztencia-tunetei-kezelese\/\"> <span>aug<\/span> <i>16<\/i> <\/a>\r\n\t\t\t\t\t\t\t\t\t<\/div>\r\n\t\t\t\t\t\t\t\t<\/div>\r\n\t\t\t\t\t\t\t\t<div class=\"con\"> <span class=\"category\">Inzulinprobl\u00e9m\u00e1k<\/span>\r\n\t\t\t\t\t\t\t\t\t<h5><a href=\"https:\/\/calendula.hu\/hu\/inzulinrezisztencia-tunetei-kezelese\/\">Az inzulinrezisztencia t\u00fcnetei \u00e9s kezel\u00e9si lehet\u0151s\u00e9gei<\/a><\/h5>\r\n\t\t\t\t\t\t\t\t<\/div>\r\n\t\t\t\t\t\t\t<\/div>\r\n\t\t\t\t\t\t<\/div>\r\n\t\t\t\t\t\t\t\t\t<\/div>\r\n\t\t\t<\/div>\r\n\t\t<\/section>\r\n\t\t\r\n\r\n\t\t\t\t\t<\/div>\n\t\t\t\t<\/div>\n\t\t\t\t\t<\/div>\n\t\t<\/div>\n\t\t\t\t\t<\/div>\n\t\t<\/section>\n\t\t\t\t<section class=\"elementor-section elementor-top-section elementor-element elementor-element-9173c45 elementor-section-full_width home-bottom-foglalas elementor-section-height-default elementor-section-height-default\" data-id=\"9173c45\" data-element_type=\"section\" data-e-type=\"section\">\n\t\t\t\t\t\t<div class=\"elementor-container elementor-column-gap-no\">\n\t\t\t\t\t<div class=\"elementor-column elementor-col-100 elementor-top-column elementor-element elementor-element-b750bee\" data-id=\"b750bee\" data-element_type=\"column\" data-e-type=\"column\">\n\t\t\t<div class=\"elementor-widget-wrap elementor-element-populated\">\n\t\t\t\t\t\t<div class=\"elementor-element elementor-element-597151a elementor-align-left home-bottom-foglalas elementor-widget elementor-widget-home-testimonials-2\" data-id=\"597151a\" data-element_type=\"widget\" data-e-type=\"widget\" data-widget_type=\"home-testimonials-2.default\">\n\t\t\t\t<div class=\"elementor-widget-container\">\n\t\t\t\t\t\n\t\t<section class=\"testimonials\">\n\t\t\t\t\t\t<div class=\"background bg-img bg-fixed section-padding pb-0\" data-background=\"https:\/\/calendula.hu\/wp-content\/uploads\/2024\/10\/calendula-klinika-etterem.webp\" data-overlay-dark=\"2\">\n\t\t\t\t\t\t\t<div class=\"container\">\n\t\t\t\t\t<div class=\"row\">\n\t\t\t\t\t\t<!-- Reservation -->\n\t\t\t\t\t\t<div class=\"col-md-5 mb-30 mt-30\">\n\t\t\t\t\t\t\t<p>\t\t\t\t\t\t\t\t<i class=\"star-rating\"><\/i>\n\t\t\t\t\t\t\t\t<i class=\"star-rating\"><\/i>\n\t\t\t\t\t\t\t\t<i class=\"star-rating\"><\/i>\n\t\t\t\t\t\t\t\t<i class=\"star-rating\"><\/i>\n\t\t\t\t\t\t\t<\/p>\n\t\t\t\t\t\t\t\t\t\t\t\t\t\t<h5><h6>Nyugati \u00e9s keleti orvosl\u00e1s szint\u00e9zise <\/h6>\n<h6>Komplex kezel\u00e9si programok<\/h6>\n<h6>Modern diagnosztika<\/h6>\n<h6>Saj\u00e1t gy\u00e1rt\u00e1s\u00fa gy\u00f3gyk\u00e9sz\u00edtm\u00e9nyek<\/h6>\n<h6>Eg\u00e9szs\u00e9ges t\u00e1pl\u00e1lkoz\u00e1s<\/h6>\n<h6>4 csillagos hotel <\/h6>\n<h6> Bar\u00e1ts\u00e1gos, csal\u00e1dias k\u00f6rnyezet<\/h6>\n\n<br>\n<br><\/h5>\n\t\t\t\t\t\t\t\t\t\t\t\t\t\t\t\t\t\t\t\t\t<div class=\"reservations mb-30\">\n\t\t\t\t\t\t\t\t<div class=\"icon color-1\"><span class=\"flaticon-call\"><\/span><\/div>\n\t\t\t\t\t\t\t\t<div class=\"text\">\n\t\t\t\t\t\t\t\t\t<p class=\"color-1\">V\u00e1rjuk h\u00edv\u00e1s\u00e1t<\/p> <a class=\"color-1\" href=\"tel:+36202617447\">+36 20 261 7447 <\/a>\t\t\t\t\t\t\t\t<\/div>\n\t\t\t\t\t\t\t<\/div>\n\t\t\t\t\t\t\t\t\t\t\t\t\t\t\t\t\t\t\t\t<\/div>\n\t\t\t\t\t\t<!-- Booking From -->\n\t\t\t\t\t\t<div class=\"col-md-5 offset-md-2\">\n\t\t\t\t\t\t\t<div class=\"booking-box\">\n\t\t\t\t\t\t\t\t<div class=\"head-box\">\n\t\t\t\t\t\t\t\t\t\t\t\t\t\t\t\t\t\t\t\t\t\t\t\t\t\t<\/div>\n\t\t\t\t\t\t\t\t\t\t\t\t\t\t\t\t<div class=\"booking-inner clearfix\">\n\t\t\t\t\t\t\t\t\t   <div class=\"butn-light mb-30\" style=\"text-align: center\">\n                        <a href=\"https:\/\/calendula.hu\/kapcsolat\/\"><span>L\u00e9pjen vel\u00fcnk kapcsolatba!<\/span><\/a>\n                <\/div>\t\t\t\t\t\t\t\t<\/div>\n\t\t\t\t\t\t\t\t\t\t\t\t\t\t\t<\/div>\n\t\t\t\t\t\t<\/div>\n\t\t\t\t\t<\/div>\n\t\t\t\t<\/div>\n\t\t\t<\/div>\n\t\t<\/section>\n\n\t\t\t\t\t<\/div>\n\t\t\t\t<\/div>\n\t\t\t\t\t<\/div>\n\t\t<\/div>\n\t\t\t\t\t<\/div>\n\t\t<\/section>\n\t\t\t\t<\/div>\n\t\t","protected":false},"excerpt":{"rendered":"<p>Kezelt betegs\u00e9gek Az Ayurv\u00e9da szeml\u00e9let\u00e9ben A Calendula Klinik\u00e1n nem a t\u00fcneteket, hanem az embert, mint egys\u00e9g vizsg\u00e1ljuk. Az ayurv\u00e9dikus orvosl\u00e1s c\u00e9lja a bels\u0151 egyens\u00faly helyre\u00e1ll\u00edt\u00e1sa \u2013 \u00edgy a gy\u00f3gyul\u00e1s nemcsak gyorsabb, hanem tart\u00f3sabb is lehet. Sz\u00e1mos civiliz\u00e1ci\u00f3s betegs\u00e9g, kr\u00f3nikus panasz \u00e9s testi-lelki t\u00fcnet eset\u00e9n k\u00edn\u00e1lunk hat\u00e9kony, term\u00e9szetes megold\u00e1st.Az ayurv\u00e9da szerint minden betegs\u00e9g egyens\u00falyveszt\u00e9sb\u0151l ered \u2013 [&hellip;]<\/p>\n","protected":false},"author":9,"featured_media":7358,"parent":0,"menu_order":0,"comment_status":"closed","ping_status":"closed","template":"page-templates\/dark-sidebar.php","meta":{"footnotes":""},"class_list":["post-1907","page","type-page","status-publish","has-post-thumbnail","hentry"],"yoast_head":"<!-- This site is optimized with the Yoast SEO Premium plugin v19.5 (Yoast SEO v27.4) - https:\/\/yoast.com\/product\/yoast-seo-premium-wordpress\/ -->\n<title>Kezelt betegs\u00e9gek \u2013 Calendula Klinika<\/title>\n<meta name=\"description\" content=\"Kezelt betegs\u00e9gek a Calendula Klinik\u00e1n: sz\u00edv- \u00e9s \u00e9rrendszeri, autoimmun, mozg\u00e1sszervi probl\u00e9m\u00e1k \u00e9s egy\u00e9b kr\u00f3nikus \u00e1llapotok.\" \/>\n<meta name=\"robots\" content=\"index, follow, max-snippet:-1, max-image-preview:large, max-video-preview:-1\" \/>\n<link rel=\"canonical\" href=\"https:\/\/calendula.hu\/hu\/kezelt-betegsegek\/\" \/>\n<meta property=\"og:locale\" content=\"hu_HU\" \/>\n<meta property=\"og:type\" content=\"article\" \/>\n<meta property=\"og:title\" content=\"Kezelt betegs\u00e9gek\" \/>\n<meta property=\"og:description\" content=\"Kezelt betegs\u00e9gek a Calendula Klinik\u00e1n: sz\u00edv- \u00e9s \u00e9rrendszeri, autoimmun, mozg\u00e1sszervi probl\u00e9m\u00e1k \u00e9s egy\u00e9b kr\u00f3nikus \u00e1llapotok.\" \/>\n<meta property=\"og:url\" content=\"https:\/\/calendula.hu\/hu\/kezelt-betegsegek\/\" \/>\n<meta property=\"og:site_name\" content=\"Calendula Klinika - Si\u00f3fok\" \/>\n<meta property=\"article:modified_time\" content=\"2026-02-24T09:42:17+00:00\" \/>\n<meta property=\"og:image\" content=\"https:\/\/calendula.hu\/wp-content\/uploads\/2024\/07\/calendula-postcovid-vysetrenie.webp\" \/>\n\t<meta property=\"og:image:width\" content=\"1674\" \/>\n\t<meta property=\"og:image:height\" content=\"1080\" \/>\n\t<meta property=\"og:image:type\" content=\"image\/webp\" \/>\n<meta name=\"twitter:card\" content=\"summary_large_image\" \/>\n<meta name=\"twitter:label1\" content=\"Becs\u00fclt olvas\u00e1si id\u0151\" \/>\n\t<meta name=\"twitter:data1\" content=\"5 perc\" \/>\n<script type=\"application\/ld+json\" class=\"yoast-schema-graph\">{\"@context\":\"https:\\\/\\\/schema.org\",\"@graph\":[{\"@type\":\"WebPage\",\"@id\":\"https:\\\/\\\/calendula.hu\\\/kezelt-betegsegek\\\/\",\"url\":\"https:\\\/\\\/calendula.hu\\\/kezelt-betegsegek\\\/\",\"name\":\"Kezelt betegs\u00e9gek \u2013 Calendula Klinika\",\"isPartOf\":{\"@id\":\"https:\\\/\\\/calendula.hu\\\/#website\"},\"primaryImageOfPage\":{\"@id\":\"https:\\\/\\\/calendula.hu\\\/kezelt-betegsegek\\\/#primaryimage\"},\"image\":{\"@id\":\"https:\\\/\\\/calendula.hu\\\/kezelt-betegsegek\\\/#primaryimage\"},\"thumbnailUrl\":\"https:\\\/\\\/calendula.hu\\\/wp-content\\\/uploads\\\/2024\\\/07\\\/calendula-postcovid-vysetrenie.webp\",\"datePublished\":\"2023-01-28T11:15:23+00:00\",\"dateModified\":\"2026-02-24T09:42:17+00:00\",\"description\":\"Kezelt betegs\u00e9gek a Calendula Klinik\u00e1n: sz\u00edv- \u00e9s \u00e9rrendszeri, autoimmun, mozg\u00e1sszervi probl\u00e9m\u00e1k \u00e9s egy\u00e9b kr\u00f3nikus \u00e1llapotok.\",\"breadcrumb\":{\"@id\":\"https:\\\/\\\/calendula.hu\\\/kezelt-betegsegek\\\/#breadcrumb\"},\"inLanguage\":\"hu\",\"potentialAction\":[{\"@type\":\"ReadAction\",\"target\":[\"https:\\\/\\\/calendula.hu\\\/kezelt-betegsegek\\\/\"]}]},{\"@type\":\"ImageObject\",\"inLanguage\":\"hu\",\"@id\":\"https:\\\/\\\/calendula.hu\\\/kezelt-betegsegek\\\/#primaryimage\",\"url\":\"https:\\\/\\\/calendula.hu\\\/wp-content\\\/uploads\\\/2024\\\/07\\\/calendula-postcovid-vysetrenie.webp\",\"contentUrl\":\"https:\\\/\\\/calendula.hu\\\/wp-content\\\/uploads\\\/2024\\\/07\\\/calendula-postcovid-vysetrenie.webp\",\"width\":1674,\"height\":1080},{\"@type\":\"BreadcrumbList\",\"@id\":\"https:\\\/\\\/calendula.hu\\\/kezelt-betegsegek\\\/#breadcrumb\",\"itemListElement\":[{\"@type\":\"ListItem\",\"position\":1,\"name\":\"Home\",\"item\":\"https:\\\/\\\/calendula.hu\\\/\"},{\"@type\":\"ListItem\",\"position\":2,\"name\":\"Kezelt betegs\u00e9gek\"}]},{\"@type\":\"WebSite\",\"@id\":\"https:\\\/\\\/calendula.hu\\\/#website\",\"url\":\"https:\\\/\\\/calendula.hu\\\/\",\"name\":\"Calendula Klinika - Si\u00f3fok\",\"description\":\"\",\"potentialAction\":[{\"@type\":\"SearchAction\",\"target\":{\"@type\":\"EntryPoint\",\"urlTemplate\":\"https:\\\/\\\/calendula.hu\\\/?s={search_term_string}\"},\"query-input\":{\"@type\":\"PropertyValueSpecification\",\"valueRequired\":true,\"valueName\":\"search_term_string\"}}],\"inLanguage\":\"hu\"}]}<\/script>\n<!-- \/ Yoast SEO Premium plugin. -->","yoast_head_json":{"title":"Kezelt betegs\u00e9gek \u2013 Calendula Klinika","description":"Kezelt betegs\u00e9gek a Calendula Klinik\u00e1n: sz\u00edv- \u00e9s \u00e9rrendszeri, autoimmun, mozg\u00e1sszervi probl\u00e9m\u00e1k \u00e9s egy\u00e9b kr\u00f3nikus \u00e1llapotok.","robots":{"index":"index","follow":"follow","max-snippet":"max-snippet:-1","max-image-preview":"max-image-preview:large","max-video-preview":"max-video-preview:-1"},"canonical":"https:\/\/calendula.hu\/hu\/kezelt-betegsegek\/","og_locale":"hu_HU","og_type":"article","og_title":"Kezelt betegs\u00e9gek","og_description":"Kezelt betegs\u00e9gek a Calendula Klinik\u00e1n: sz\u00edv- \u00e9s \u00e9rrendszeri, autoimmun, mozg\u00e1sszervi probl\u00e9m\u00e1k \u00e9s egy\u00e9b kr\u00f3nikus \u00e1llapotok.","og_url":"https:\/\/calendula.hu\/hu\/kezelt-betegsegek\/","og_site_name":"Calendula Klinika - Si\u00f3fok","article_modified_time":"2026-02-24T09:42:17+00:00","og_image":[{"width":1674,"height":1080,"url":"https:\/\/calendula.hu\/wp-content\/uploads\/2024\/07\/calendula-postcovid-vysetrenie.webp","type":"image\/webp"}],"twitter_card":"summary_large_image","twitter_misc":{"Becs\u00fclt olvas\u00e1si id\u0151":"5 perc"},"schema":{"@context":"https:\/\/schema.org","@graph":[{"@type":"WebPage","@id":"https:\/\/calendula.hu\/kezelt-betegsegek\/","url":"https:\/\/calendula.hu\/kezelt-betegsegek\/","name":"Kezelt betegs\u00e9gek \u2013 Calendula Klinika","isPartOf":{"@id":"https:\/\/calendula.hu\/#website"},"primaryImageOfPage":{"@id":"https:\/\/calendula.hu\/kezelt-betegsegek\/#primaryimage"},"image":{"@id":"https:\/\/calendula.hu\/kezelt-betegsegek\/#primaryimage"},"thumbnailUrl":"https:\/\/calendula.hu\/wp-content\/uploads\/2024\/07\/calendula-postcovid-vysetrenie.webp","datePublished":"2023-01-28T11:15:23+00:00","dateModified":"2026-02-24T09:42:17+00:00","description":"Kezelt betegs\u00e9gek a Calendula Klinik\u00e1n: sz\u00edv- \u00e9s \u00e9rrendszeri, autoimmun, mozg\u00e1sszervi probl\u00e9m\u00e1k \u00e9s egy\u00e9b kr\u00f3nikus \u00e1llapotok.","breadcrumb":{"@id":"https:\/\/calendula.hu\/kezelt-betegsegek\/#breadcrumb"},"inLanguage":"hu","potentialAction":[{"@type":"ReadAction","target":["https:\/\/calendula.hu\/kezelt-betegsegek\/"]}]},{"@type":"ImageObject","inLanguage":"hu","@id":"https:\/\/calendula.hu\/kezelt-betegsegek\/#primaryimage","url":"https:\/\/calendula.hu\/wp-content\/uploads\/2024\/07\/calendula-postcovid-vysetrenie.webp","contentUrl":"https:\/\/calendula.hu\/wp-content\/uploads\/2024\/07\/calendula-postcovid-vysetrenie.webp","width":1674,"height":1080},{"@type":"BreadcrumbList","@id":"https:\/\/calendula.hu\/kezelt-betegsegek\/#breadcrumb","itemListElement":[{"@type":"ListItem","position":1,"name":"Home","item":"https:\/\/calendula.hu\/"},{"@type":"ListItem","position":2,"name":"Kezelt betegs\u00e9gek"}]},{"@type":"WebSite","@id":"https:\/\/calendula.hu\/#website","url":"https:\/\/calendula.hu\/","name":"Calendula Klinika - Si\u00f3fok","description":"","potentialAction":[{"@type":"SearchAction","target":{"@type":"EntryPoint","urlTemplate":"https:\/\/calendula.hu\/?s={search_term_string}"},"query-input":{"@type":"PropertyValueSpecification","valueRequired":true,"valueName":"search_term_string"}}],"inLanguage":"hu"}]}},"_links":{"self":[{"href":"https:\/\/calendula.hu\/hu\/wp-json\/wp\/v2\/pages\/1907","targetHints":{"allow":["GET"]}}],"collection":[{"href":"https:\/\/calendula.hu\/hu\/wp-json\/wp\/v2\/pages"}],"about":[{"href":"https:\/\/calendula.hu\/hu\/wp-json\/wp\/v2\/types\/page"}],"author":[{"embeddable":true,"href":"https:\/\/calendula.hu\/hu\/wp-json\/wp\/v2\/users\/9"}],"replies":[{"embeddable":true,"href":"https:\/\/calendula.hu\/hu\/wp-json\/wp\/v2\/comments?post=1907"}],"version-history":[{"count":138,"href":"https:\/\/calendula.hu\/hu\/wp-json\/wp\/v2\/pages\/1907\/revisions"}],"predecessor-version":[{"id":12586,"href":"https:\/\/calendula.hu\/hu\/wp-json\/wp\/v2\/pages\/1907\/revisions\/12586"}],"wp:featuredmedia":[{"embeddable":true,"href":"https:\/\/calendula.hu\/hu\/wp-json\/wp\/v2\/media\/7358"}],"wp:attachment":[{"href":"https:\/\/calendula.hu\/hu\/wp-json\/wp\/v2\/media?parent=1907"}],"curies":[{"name":"wp","href":"https:\/\/api.w.org\/{rel}","templated":true}]}}