{"id":2411,"date":"2023-02-05T11:52:36","date_gmt":"2023-02-05T10:52:36","guid":{"rendered":"https:\/\/calendula.hu\/?page_id=2411"},"modified":"2026-04-07T10:46:30","modified_gmt":"2026-04-07T08:46:30","slug":"szallas-etkezes-eco","status":"publish","type":"page","link":"https:\/\/calendula.hu\/hu\/szallas-etkezes-eco\/","title":{"rendered":"Sz\u00e1ll\u00e1s-\u00e9tkez\u00e9s-eco"},"content":{"rendered":"\t\t<div data-elementor-type=\"wp-page\" data-elementor-id=\"2411\" class=\"elementor elementor-2411\" data-elementor-post-type=\"page\">\n\t\t\t\t\t\t<section class=\"elementor-section elementor-top-section elementor-element elementor-element-3f30a5c elementor-section-boxed elementor-section-height-default elementor-section-height-default\" data-id=\"3f30a5c\" data-element_type=\"section\" data-e-type=\"section\">\n\t\t\t\t\t\t<div class=\"elementor-container elementor-column-gap-default\">\n\t\t\t\t\t<div class=\"elementor-column elementor-col-100 elementor-top-column elementor-element elementor-element-3ee5271\" data-id=\"3ee5271\" data-element_type=\"column\" data-e-type=\"column\">\n\t\t\t<div class=\"elementor-widget-wrap elementor-element-populated\">\n\t\t\t\t\t\t<div class=\"elementor-element elementor-element-a3096d3 elementor-align-left elementor-widget elementor-widget-pages-banner\" data-id=\"a3096d3\" data-element_type=\"widget\" data-e-type=\"widget\" data-widget_type=\"pages-banner.default\">\n\t\t\t\t<div class=\"elementor-widget-container\">\n\t\t\t\t\t\r\n\t\t\t\t<div class=\"banner-header section-padding valign bg-img bg-fixed\" data-overlay-dark=\"4\" data-background=\"https:\/\/calendula.hu\/wp-content\/uploads\/2023\/04\/Calendula0006.jpg\">\r\n\t\t\t\t\t<div class=\"container\">\r\n\t\t\t\t<div class=\"row\">\r\n\t\t\t\t\t<div class=\"col-md-12 caption mt-90\">\r\n\t\t\t\t\t\t\t\t\t\t\t\t<h5>Calendula klinika - ECO H\u00e1z<\/h5>\r\n\t\t\t\t\t\t\t\t\t\t\t\t\t\t\t\t\t\t<h1>Szob\u00e1k<\/h1>\r\n\t\t\t\t\t\t\t\t\t\t\t<\/div>\r\n\t\t\t\t<\/div>\r\n\t\t\t<\/div>\r\n\t\t<\/div>\r\n\r\n\t\t\t\t\t<\/div>\n\t\t\t\t<\/div>\n\t\t\t\t\t<\/div>\n\t\t<\/div>\n\t\t\t\t\t<\/div>\n\t\t<\/section>\n\t\t<div class=\"elementor-element elementor-element-2985745 e-flex e-con-boxed e-con e-parent\" data-id=\"2985745\" data-element_type=\"container\" data-e-type=\"container\" data-settings=\"{&quot;shape_divider_top&quot;:&quot;opacity-tilt&quot;,&quot;shape_divider_bottom&quot;:&quot;opacity-fan&quot;}\">\n\t\t\t\t\t<div class=\"e-con-inner\">\n\t\t\t\t<div class=\"elementor-shape elementor-shape-top\" aria-hidden=\"true\" data-negative=\"false\">\n\t\t\t<svg xmlns=\"http:\/\/www.w3.org\/2000\/svg\" viewBox=\"0 0 2600 131.1\" preserveAspectRatio=\"none\">\n\t<path class=\"elementor-shape-fill\" d=\"M0 0L2600 0 2600 69.1 0 0z\"\/>\n\t<path class=\"elementor-shape-fill\" style=\"opacity:0.5\" d=\"M0 0L2600 0 2600 69.1 0 69.1z\"\/>\n\t<path class=\"elementor-shape-fill\" style=\"opacity:0.25\" d=\"M2600 0L0 0 0 130.1 2600 69.1z\"\/>\n<\/svg>\t\t<\/div>\n\t\t\t\t<div class=\"elementor-shape elementor-shape-bottom\" aria-hidden=\"true\" data-negative=\"false\">\n\t\t\t<svg xmlns=\"http:\/\/www.w3.org\/2000\/svg\" viewBox=\"0 0 283.5 19.6\" preserveAspectRatio=\"none\">\n\t<path class=\"elementor-shape-fill\" style=\"opacity:0.33\" d=\"M0 0L0 18.8 141.8 4.1 283.5 18.8 283.5 0z\"\/>\n\t<path class=\"elementor-shape-fill\" style=\"opacity:0.33\" d=\"M0 0L0 12.6 141.8 4 283.5 12.6 283.5 0z\"\/>\n\t<path class=\"elementor-shape-fill\" style=\"opacity:0.33\" d=\"M0 0L0 6.4 141.8 4 283.5 6.4 283.5 0z\"\/>\n\t<path class=\"elementor-shape-fill\" d=\"M0 0L0 1.2 141.8 4 283.5 1.2 283.5 0z\"\/>\n<\/svg>\t\t<\/div>\n\t\t\t\t<div class=\"elementor-element elementor-element-dd918ce elementor-widget elementor-widget-heading\" data-id=\"dd918ce\" data-element_type=\"widget\" data-e-type=\"widget\" data-widget_type=\"heading.default\">\n\t\t\t\t<div class=\"elementor-widget-container\">\n\t\t\t\t\t<div class=\"elementor-heading-title elementor-size-default\">Fenntarthat\u00f3 ayurv\u00e9dikus sz\u00e1ll\u00e1s Si\u00f3fokon<\/div>\t\t\t\t<\/div>\n\t\t\t\t<\/div>\n\t\t\t\t<div class=\"elementor-element elementor-element-14e2ffc elementor-widget elementor-widget-heading\" data-id=\"14e2ffc\" data-element_type=\"widget\" data-e-type=\"widget\" data-widget_type=\"heading.default\">\n\t\t\t\t<div class=\"elementor-widget-container\">\n\t\t\t\t\t<div class=\"elementor-heading-title elementor-size-default\">Calendula ECO H\u00e1z <\/div>\t\t\t\t<\/div>\n\t\t\t\t<\/div>\n\t\t\t\t<div class=\"elementor-element elementor-element-fa97506 elementor-widget elementor-widget-text-editor\" data-id=\"fa97506\" data-element_type=\"widget\" data-e-type=\"widget\" data-widget_type=\"text-editor.default\">\n\t\t\t\t<div class=\"elementor-widget-container\">\n\t\t\t\t\t\t\t\t\t<p>A Calendula ECO H\u00e1z olyan sz\u00e1ll\u00e1slehet\u0151s\u00e9g, amely nemcsak testi-lelki, hanem \u00f6kol\u00f3giai egyens\u00falyra is t\u00f6rekszik. Modern, energiatakar\u00e9kos megold\u00e1sok, term\u00e9szetk\u00f6zeli nyugalom \u00e9s ayurv\u00e9dikus szeml\u00e9let v\u00e1rja az ide \u00e9rkez\u0151 vend\u00e9geket.<\/p>\t\t\t\t\t\t\t\t<\/div>\n\t\t\t\t<\/div>\n\t\t\t\t<div class=\"elementor-element elementor-element-ab77208 elementor-widget elementor-widget-text-editor\" data-id=\"ab77208\" data-element_type=\"widget\" data-e-type=\"widget\" data-widget_type=\"text-editor.default\">\n\t\t\t\t<div class=\"elementor-widget-container\">\n\t\t\t\t\t\t\t\t\t<p>A Calendula ECO H\u00e1z korszer\u0171 \u00e9p\u00fclete bioklimatikus szeml\u00e9letben \u00e9p\u00fclt: alacsony energiafelhaszn\u00e1l\u00e1s\u00fa, napenergi\u00e1t hasznos\u00edt, \u00e9s kiv\u00e1l\u00f3an illeszkedik a t\u00e1jba. Az itt megsz\u00e1ll\u00f3 vend\u00e9gek \u00e9lm\u00e9nyszer\u0171 kapcsolatba ker\u00fclhetnek a term\u00e9szettel, mik\u00f6zben teljes k\u00e9nyelmet \u00e9lvezhetnek.<\/p><p>A h\u00e1z t\u00f6k\u00e9letes v\u00e1laszt\u00e1s azoknak, akik a Calendula Klinika ayurv\u00e9dikus kezel\u00e9seihez keresnek k\u00f6rnyezettudatos sz\u00e1ll\u00e1st, de azoknak is, akik \u00f6nmagukban is \u00e9lvezn\u00e9k a csendet \u00e9s a nyugalmat.<\/p><p>Az ECO H\u00e1z nemcsak sz\u00e1ll\u00e1s, hanem szeml\u00e9let is: ahol a testi-lelki gy\u00f3gyul\u00e1s \u00e9s a fenntarthat\u00f3s\u00e1g egyens\u00falyban van.<\/p>\t\t\t\t\t\t\t\t<\/div>\n\t\t\t\t<\/div>\n\t\t\t\t\t<\/div>\n\t\t\t\t<\/div>\n\t\t\t\t<section class=\"elementor-section elementor-top-section elementor-element elementor-element-7fc669d elementor-section-boxed elementor-section-height-default elementor-section-height-default\" data-id=\"7fc669d\" data-element_type=\"section\" data-e-type=\"section\">\n\t\t\t\t\t\t<div class=\"elementor-container elementor-column-gap-default\">\n\t\t\t\t\t<div class=\"elementor-column elementor-col-100 elementor-top-column elementor-element elementor-element-0566f63\" data-id=\"0566f63\" data-element_type=\"column\" data-e-type=\"column\">\n\t\t\t<div class=\"elementor-widget-wrap elementor-element-populated\">\n\t\t\t\t\t\t<div class=\"elementor-element elementor-element-9577f34 two-column-rooms elementor-align-center elementor-widget elementor-widget-home-room\" data-id=\"9577f34\" data-element_type=\"widget\" data-e-type=\"widget\" data-widget_type=\"home-room.default\">\n\t\t\t\t<div class=\"elementor-widget-container\">\n\t\t\t\t\t\n\t\t\t\t<section class=\"rooms1 section-padding bg-black\" data-scroll-index=\"1\">\n\t\t\t \n\t\t\t<div class=\"container\">\n\t\t\t\t<div class=\"row\">\n\t\t\t\t\t<div class=\"col-md-12\">\n\t\t\t\t\t\t\t\t\t\t\t\t\t\t\t\t\t<\/div>\n\t\t\t\t<\/div>\n\t\t\t\t<div class=\"row\">\n\t\t\t\t\t\t\t\t\t\t\t\t\t\t\t\t\t\t<div class=\"col-md-4\">\n\t\t\t\t\t\t\t\t<div class=\"item\">\n\t\t\t\t\t\t\t\t\t<div class=\"position-re o-hidden\"> <img decoding=\"async\" src=\"https:\/\/calendula.hu\/wp-content\/uploads\/2023\/03\/CALENDULA_311.jpg\" alt=\"\"> <\/div> \n\t\t\t\t\t\t\t\t\t\t\t\t\t\t\t\t\t\t<div class=\"con\">\n\t\t\t\t\t\t\t\t\t\t<h6><a href=\"https:\/\/calendula.hu\/hu\/room\/double\/\"><\/a><\/h6>\n\t\t\t\t\t\t\t\t\t\t<h5><a href=\"https:\/\/calendula.hu\/hu\/room\/double\/\">Standard Double<\/a> <\/h5>\n\t\t\t\t\t\t\t\t\t\t<div class=\"line\"><\/div>\n\t\t\t\t\t\t\t\t\t\t<div class=\"row facilities\">\n\t\t\t\t\t\t\t\t\t\t\t<div class=\"col col-md-7\">\n\t\t\t\t\t\t\t\t\t\t\t\t<ul>\n\t\t\t\t\t\t\t\t\t\t\t\t\t<ul>\r\n<li><\/li>\r\n<li><\/li>\r\n<li><\/li>\r\n<li><\/li>\r\n<\/ul>\r\n\t\t\t\t\t\t\t\t\t\t\t\t<\/ul>\n\t\t\t\t\t\t\t\t\t\t\t<\/div>\n\t\t\t\t\t\t\t\t\t\t\t<div class=\"col col-md-5 text-right\">\n\t\t\t\t\t\t\t\t\t\t\t\t\t\t\t\t\t\t\t\t\t\t\t\t<div class=\"permalink\"><a href=\"https:\/\/calendula.hu\/hu\/room\/double\/\">Details <i class=\"ti-arrow-right\"><\/i><\/a><\/div>\n\t\t\t\t\t\t\t\t\t\t\t\t\t\t\t\t\t\t\t\t\t\t\t<\/div>\n\t\t\t\t\t\t\t\t\t\t<\/div>\n\t\t\t\t\t\t\t\t\t<\/div>\n\t\t\t\t\t\t\t\t<\/div>\n\t\t\t\t\t\t\t<\/div>\n\t\t\t\t\t\t\t\t\t\t\t\t\t\t\t\t\t\t\t\t\t\t\t\t<div class=\"col-md-4\">\n\t\t\t\t\t\t\t\t<div class=\"item\">\n\t\t\t\t\t\t\t\t\t<div class=\"position-re o-hidden\"> <img decoding=\"async\" src=\"https:\/\/calendula.hu\/wp-content\/uploads\/2023\/02\/CALENDULA_256-1.jpg\" alt=\"\"> <\/div> \n\t\t\t\t\t\t\t\t\t\t\t\t\t\t\t\t\t\t<div class=\"con\">\n\t\t\t\t\t\t\t\t\t\t<h6><a href=\"https:\/\/calendula.hu\/hu\/room\/standard-erkelyes\/\"><\/a><\/h6>\n\t\t\t\t\t\t\t\t\t\t<h5><a href=\"https:\/\/calendula.hu\/hu\/room\/standard-erkelyes\/\">Standard erk\u00e9lyes<\/a> <\/h5>\n\t\t\t\t\t\t\t\t\t\t<div class=\"line\"><\/div>\n\t\t\t\t\t\t\t\t\t\t<div class=\"row facilities\">\n\t\t\t\t\t\t\t\t\t\t\t<div class=\"col col-md-7\">\n\t\t\t\t\t\t\t\t\t\t\t\t<ul>\n\t\t\t\t\t\t\t\t\t\t\t\t\t<ul>\r\n<li><\/li>\r\n<li><\/li>\r\n<li><\/li>\r\n<li><\/li>\r\n<\/ul>\r\n\t\t\t\t\t\t\t\t\t\t\t\t<\/ul>\n\t\t\t\t\t\t\t\t\t\t\t<\/div>\n\t\t\t\t\t\t\t\t\t\t\t<div class=\"col col-md-5 text-right\">\n\t\t\t\t\t\t\t\t\t\t\t\t\t\t\t\t\t\t\t\t\t\t\t\t<div class=\"permalink\"><a href=\"https:\/\/calendula.hu\/hu\/room\/standard-erkelyes\/\">Details <i class=\"ti-arrow-right\"><\/i><\/a><\/div>\n\t\t\t\t\t\t\t\t\t\t\t\t\t\t\t\t\t\t\t\t\t\t\t<\/div>\n\t\t\t\t\t\t\t\t\t\t<\/div>\n\t\t\t\t\t\t\t\t\t<\/div>\n\t\t\t\t\t\t\t\t<\/div>\n\t\t\t\t\t\t\t<\/div>\n\t\t\t\t\t\t\t\t\t\t\t\t\t\t\t<\/div>\n\t\t\t<\/div>\n\t\t<\/section>\n\n\t\t\t\t\t<\/div>\n\t\t\t\t<\/div>\n\t\t\t\t\t<\/div>\n\t\t<\/div>\n\t\t\t\t\t<\/div>\n\t\t<\/section>\n\t\t\t\t<section class=\"elementor-section elementor-top-section elementor-element elementor-element-fc94d2d elementor-section-boxed elementor-section-height-default elementor-section-height-default\" data-id=\"fc94d2d\" data-element_type=\"section\" data-e-type=\"section\">\n\t\t\t\t\t\t<div class=\"elementor-container elementor-column-gap-default\">\n\t\t\t\t\t<div class=\"elementor-column elementor-col-100 elementor-top-column elementor-element elementor-element-4a385d7\" data-id=\"4a385d7\" data-element_type=\"column\" data-e-type=\"column\">\n\t\t\t<div class=\"elementor-widget-wrap elementor-element-populated\">\n\t\t\t\t\t\t<div class=\"elementor-element elementor-element-219bdd0 elementor-widget elementor-widget-text-editor\" data-id=\"219bdd0\" data-element_type=\"widget\" data-e-type=\"widget\" data-widget_type=\"text-editor.default\">\n\t\t\t\t<div class=\"elementor-widget-container\">\n\t\t\t\t\t\t\t\t\t<p>B\u00e1rmely szob\u00e1t is v\u00e1lasztja, klinik\u00e1nkon az \u00f6sszes felt\u00e9telt megteremtett\u00fck annak \u00e9rdek\u00e9ben, hogy tart\u00f3zkod\u00e1sa a lehet\u0151 legk\u00e9nyelmesebb \u00e9s a kezel\u00e9s min\u00e9l hat\u00e9konyabb legyen.<\/p><p>A klinika\u00a0transzfer-szolg\u00e1ltat\u00e1sokat\u00a0ny\u00fajt\u00a0<strong>Budapest, B\u00e9cs, S\u00e1rmell\u00e9k \u00e9s Si\u00f3fok<\/strong> k\u00f6z\u00f6tt.\u00a0Aut\u00f3val \u00e9rkez\u0151k r\u00e9sz\u00e9re a helysz\u00ednen\u00a0ingyenes parkol\u00e1si\u00a0lehet\u0151s\u00e9g biztos\u00edtunk.<\/p><p>Felh\u00edvjuk a figyelm\u00e9t, hogy sz\u00e1ll\u00e1s csak kezel\u00e9ssel egy\u00fctt foglalhat\u00f3!<\/p><p><strong>A foglal\u00e1s menete:\u00a0<\/strong>foglal\u00e1si sz\u00e1nd\u00e9k\u00e1t k\u00fcldje el az\u00a0<a href=\"mailto:info@calendula.hu\">info@calendula.hu<\/a>\u00a0c\u00edmre vagy jelezze telefonon:\u00a0<a href=\"tel:+36 20 261 7447\">+36 20 261 7447<\/a>. Adja meg a k\u00edv\u00e1nt \u00e9rkez\u00e9si d\u00e1tumot \u00e9s el\u00e9rhet\u0151s\u00e9geit. Ezt k\u00f6vet\u0151en menedzser\u00fcnk felveszi \u00d6nnel a kapcsolatot, \u00e9s inform\u00e1ci\u00f3t ny\u00fajt az adott id\u0151szakban rendelkez\u00e9sre \u00e1ll\u00f3 szob\u00e1kr\u00f3l.<\/p>\t\t\t\t\t\t\t\t<\/div>\n\t\t\t\t<\/div>\n\t\t\t\t\t<\/div>\n\t\t<\/div>\n\t\t\t\t\t<\/div>\n\t\t<\/section>\n\t\t\t\t<section class=\"elementor-section elementor-top-section elementor-element elementor-element-d8853e8 elementor-section-full_width home-bottom-foglalas elementor-section-height-default elementor-section-height-default\" data-id=\"d8853e8\" data-element_type=\"section\" data-e-type=\"section\">\n\t\t\t\t\t\t<div class=\"elementor-container elementor-column-gap-no\">\n\t\t\t\t\t<div class=\"elementor-column elementor-col-100 elementor-top-column elementor-element elementor-element-79271c4\" data-id=\"79271c4\" data-element_type=\"column\" data-e-type=\"column\">\n\t\t\t<div class=\"elementor-widget-wrap elementor-element-populated\">\n\t\t\t\t\t\t<div class=\"elementor-element elementor-element-fcd2238 elementor-align-left elementor-widget elementor-widget-home-pricing\" data-id=\"fcd2238\" data-element_type=\"widget\" data-e-type=\"widget\" data-widget_type=\"home-pricing.default\">\n\t\t\t\t<div class=\"elementor-widget-container\">\n\t\t\t\t\t\r\n\t\t\t\t<section class=\"pricing section-padding bg-black\">\r\n\t\t\t \r\n\t\t\t<h2 style=\"display: none!important;\">The Cappa<\/h2>\r\n\t\t\t<div class=\"container\">\r\n\t\t\t\t<div class=\"row\">\r\n\t\t\t\t\t<div class=\"col-md-4\">\r\n\t\t\t\t\t\t\t\t\t\t\t\t<div class=\"section-subtitle\"><span>ECO H\u00e1z<\/span><\/div>\r\n\t\t\t\t\t\t\t\t\t\t\t\t\t\t\t\t\t\t<div class=\"section-title\"><span>\u00c1rak<\/span><\/div>\r\n\t\t\t\t\t\t\t\t\t\t\t\t\t\t\t\t\t\t<p class=\"color-2\" style=\"padding-right: 3.5rem\">Foglal\u00e1si ig\u00e9ny\u00e9t elk\u00fcldheti az info@calendula.hu email c\u00edmre, mellyel kapcsolatban emailben vagy telefonon visszah\u00edvjuk \u00d6nt az id\u0151pont egyeztet\u00e9se v\u00e9gett.<\/p>\n<p class=\"color-2\">Az al\u00e1bbi telefonsz\u00e1mon szint\u00e9n el\u00e9rhet\u0151ek vagyunk, ha foglal\u00e1s\u00e1t k\u00f6zvetlen\u00fcl recepci\u00f3s koll\u00e9g\u00e1inkkal szeretn\u00e9 r\u00f6gz\u00edteni. <\/p>\t\t\t\t\t\t\t\t\t\t\t\t\t\t\t\t\t\t<div class=\"reservations mb-30\">\r\n\t\t\t\t\t\t\t<div class=\"icon\"><span class=\"flaticon-call\"><\/span><\/div>\r\n\t\t\t\t\t\t\t<div class=\"text\">\r\n\t\t\t\t\t\t\t\t<p class=\"color-2\">Foglal\u00e1s<\/p><a class=\"color-2\" href=\"tel:+36202617447\">36 20 261 7447<\/a>\t\t\t\t\t\t\t<\/div>\r\n\t\t\t\t\t\t<\/div>\r\n\t\t\t\t\t\t\t\t\t\t\t<\/div>\r\n\t\t\t\t\t<div class=\"col-md-8\">\r\n\t\t\t\t\t\t<div class=\"owl-carousel owl-theme\">\r\n\t\t\t\t\t\t\t\t\t\t\t\t\t\t\t<div class=\"pricing-card\">\r\n\t\t\t\t\t\t\t\t\t\t\t\t\t\t\t\t\t\t<img decoding=\"async\" src=\"https:\/\/calendula.hu\/wp-content\/uploads\/2023\/03\/CALENDULA_284.jpg\" alt=\"\">\r\n\t\t\t\t\t\t\t\t\t\t\t\t\t\t\t\t\t\t<div class=\"desc\">\r\n\t\t\t\t\t\t\t\t\t\t\t\t\t\t\t\t\t\t\t\t<div class=\"name\">Standard<\/div>\r\n\t\t\t\t\t\t\t\t\t\t\t\t\t\t\t\t\t\t\t\t\t\t\t\t\t\t\t\t\t\t<div class=\"amount\">34.960 Ft<span>\/ \u00e9j<\/span><\/div>\r\n\t\t\t\t\t\t\t\t\t\t\t\t\t\t\t\t\t\t\t\t\t\t\t\t\t\t\t\t\t\t<ul class=\"list-unstyled list\">\r\n\t\t\t\t\t\t\t\t\t\t\t<li><i class=\"ti-check\"><\/i> 1-2 f\u0151<\/li>\n<li><i class=\"ti-check\"><\/i> 20 m2<\/li>\n<li><i class=\"ti-check\"><\/i> 1-2 perc s\u00e9t\u00e1ra a f\u0151\u00e9p\u00fclett\u0151l<\/li>\t\t\t\t\t\t\t\t\t\t<\/ul>\r\n\t\t\t\t\t\t\t\t\t\t\t\t\t\t\t\t\t\t\t<\/div>\r\n\t\t\t\t\t\t\t\t<\/div>\r\n\t\t\t\t\t\t\t\t\t\t\t\t\t\t\t<div class=\"pricing-card\">\r\n\t\t\t\t\t\t\t\t\t\t\t\t\t\t\t\t\t\t<img decoding=\"async\" src=\"https:\/\/calendula.hu\/wp-content\/uploads\/2023\/03\/CALENDULA_285.jpg\" alt=\"\">\r\n\t\t\t\t\t\t\t\t\t\t\t\t\t\t\t\t\t\t<div class=\"desc\">\r\n\t\t\t\t\t\t\t\t\t\t\t\t\t\t\t\t\t\t\t\t<div class=\"name\">Superior<\/div>\r\n\t\t\t\t\t\t\t\t\t\t\t\t\t\t\t\t\t\t\t\t\t\t\t\t\t\t\t\t\t\t<div class=\"amount\">47.880 Ft<span>\/ \u00e9j<\/span><\/div>\r\n\t\t\t\t\t\t\t\t\t\t\t\t\t\t\t\t\t\t\t\t\t\t\t\t\t\t\t\t\t\t<ul class=\"list-unstyled list\">\r\n\t\t\t\t\t\t\t\t\t\t\t<li><i class=\"ti-check\"><\/i> 1-4 f\u0151<\/li>\n<li><i class=\"ti-check\"><\/i> 25 m2<\/li>\n<li><i class=\"ti-check\"><\/i> 1-2 perc s\u00e9t\u00e1ra a f\u0151\u00e9p\u00fclett\u0151l<\/li>\t\t\t\t\t\t\t\t\t\t<\/ul>\r\n\t\t\t\t\t\t\t\t\t\t\t\t\t\t\t\t\t\t\t<\/div>\r\n\t\t\t\t\t\t\t\t<\/div>\r\n\t\t\t\t\t\t\t\t\t\t\t\t\t<\/div>\r\n\t\t\t\t\t<\/div>\r\n\t\t\t\t<\/div>\r\n\t\t\t<\/div>\r\n\t\t<\/section>\r\n\t\t\t\t\t<\/div>\n\t\t\t\t<\/div>\n\t\t\t\t<div class=\"elementor-element elementor-element-42d725d elementor-align-left home-bottom-foglalas elementor-widget elementor-widget-global elementor-global-3672 elementor-widget-home-testimonials-2\" data-id=\"42d725d\" data-element_type=\"widget\" data-e-type=\"widget\" data-widget_type=\"home-testimonials-2.default\">\n\t\t\t\t<div class=\"elementor-widget-container\">\n\t\t\t\t\t\n\t\t<section class=\"testimonials\">\n\t\t\t\t\t\t<div class=\"background bg-img bg-fixed section-padding pb-0\" data-background=\"https:\/\/calendula.hu\/wp-content\/uploads\/2024\/10\/calendula-klinika-etterem.webp\" data-overlay-dark=\"2\">\n\t\t\t\t\t\t\t<div class=\"container\">\n\t\t\t\t\t<div class=\"row\">\n\t\t\t\t\t\t<!-- Reservation -->\n\t\t\t\t\t\t<div class=\"col-md-5 mb-30 mt-30\">\n\t\t\t\t\t\t\t<p>\t\t\t\t\t\t\t\t<i class=\"star-rating\"><\/i>\n\t\t\t\t\t\t\t\t<i class=\"star-rating\"><\/i>\n\t\t\t\t\t\t\t\t<i class=\"star-rating\"><\/i>\n\t\t\t\t\t\t\t\t<i class=\"star-rating\"><\/i>\n\t\t\t\t\t\t\t<\/p>\n\t\t\t\t\t\t\t\t\t\t\t\t\t\t<h5><h6>Nyugati \u00e9s keleti orvosl\u00e1s szint\u00e9zise <\/h6>\n<h6>Komplex kezel\u00e9si programok<\/h6>\n<h6>Modern diagnosztika<\/h6>\n<h6>Saj\u00e1t gy\u00e1rt\u00e1s\u00fa gy\u00f3gyk\u00e9sz\u00edtm\u00e9nyek<\/h6>\n<h6>Eg\u00e9szs\u00e9ges t\u00e1pl\u00e1lkoz\u00e1s<\/h6>\n<h6>4 csillagos hotel <\/h6>\n<h6> Bar\u00e1ts\u00e1gos, csal\u00e1dias k\u00f6rnyezet<\/h6>\n\n<br>\n<br><\/h5>\n\t\t\t\t\t\t\t\t\t\t\t\t\t\t\t\t\t\t\t\t\t<div class=\"reservations mb-30\">\n\t\t\t\t\t\t\t\t<div class=\"icon color-1\"><span class=\"flaticon-call\"><\/span><\/div>\n\t\t\t\t\t\t\t\t<div class=\"text\">\n\t\t\t\t\t\t\t\t\t<p class=\"color-1\">V\u00e1rjuk h\u00edv\u00e1s\u00e1t<\/p> <a class=\"color-1\" href=\"tel:+36202617447\">+36 20 261 7447 <\/a>\t\t\t\t\t\t\t\t<\/div>\n\t\t\t\t\t\t\t<\/div>\n\t\t\t\t\t\t\t\t\t\t\t\t\t\t\t\t\t\t\t\t<\/div>\n\t\t\t\t\t\t<!-- Booking From -->\n\t\t\t\t\t\t<div class=\"col-md-5 offset-md-2\">\n\t\t\t\t\t\t\t<div class=\"booking-box\">\n\t\t\t\t\t\t\t\t<div class=\"head-box\">\n\t\t\t\t\t\t\t\t\t\t\t\t\t\t\t\t\t\t\t\t\t\t\t\t\t\t<\/div>\n\t\t\t\t\t\t\t\t\t\t\t\t\t\t\t\t<div class=\"booking-inner clearfix\">\n\t\t\t\t\t\t\t\t\t <div class=\"butn-light mb-30\" style=\"text-align: center\">\n                        <a href=\"https:\/\/calendula.hu\/kapcsolat\/\"><span>L\u00e9pjen vel\u00fcnk kapcsolatba!<\/span><\/a>\n<\/div>\t\t\t\t\t\t\t\t<\/div>\n\t\t\t\t\t\t\t\t\t\t\t\t\t\t\t<\/div>\n\t\t\t\t\t\t<\/div>\n\t\t\t\t\t<\/div>\n\t\t\t\t<\/div>\n\t\t\t<\/div>\n\t\t<\/section>\n\n\t\t\t\t\t<\/div>\n\t\t\t\t<\/div>\n\t\t\t\t\t<\/div>\n\t\t<\/div>\n\t\t\t\t\t<\/div>\n\t\t<\/section>\n\t\t\t\t<\/div>\n\t\t","protected":false},"excerpt":{"rendered":"<p>Calendula klinika &#8211; ECO H\u00e1z Szob\u00e1k Fenntarthat\u00f3 ayurv\u00e9dikus sz\u00e1ll\u00e1s Si\u00f3fokon Calendula ECO H\u00e1z A Calendula ECO H\u00e1z olyan sz\u00e1ll\u00e1slehet\u0151s\u00e9g, amely nemcsak testi-lelki, hanem \u00f6kol\u00f3giai egyens\u00falyra is t\u00f6rekszik. Modern, energiatakar\u00e9kos megold\u00e1sok, term\u00e9szetk\u00f6zeli nyugalom \u00e9s ayurv\u00e9dikus szeml\u00e9let v\u00e1rja az ide \u00e9rkez\u0151 vend\u00e9geket.A Calendula ECO H\u00e1z korszer\u0171 \u00e9p\u00fclete bioklimatikus szeml\u00e9letben \u00e9p\u00fclt: alacsony energiafelhaszn\u00e1l\u00e1s\u00fa, napenergi\u00e1t hasznos\u00edt, \u00e9s kiv\u00e1l\u00f3an illeszkedik [&hellip;]<\/p>\n","protected":false},"author":9,"featured_media":0,"parent":0,"menu_order":0,"comment_status":"closed","ping_status":"closed","template":"page-templates\/dark-sidebar.php","meta":{"footnotes":""},"class_list":["post-2411","page","type-page","status-publish","hentry"],"yoast_head":"<!-- This site is optimized with the Yoast SEO Premium plugin v19.5 (Yoast SEO v27.4) - https:\/\/yoast.com\/product\/yoast-seo-premium-wordpress\/ -->\n<title>Sz\u00e1ll\u00e1s-\u00e9tkez\u00e9s-eco - Calendula Klinika - Si\u00f3fok<\/title>\n<meta name=\"robots\" content=\"index, follow, max-snippet:-1, max-image-preview:large, max-video-preview:-1\" \/>\n<link rel=\"canonical\" href=\"https:\/\/calendula.hu\/hu\/szallas-etkezes-eco\/\" \/>\n<meta property=\"og:locale\" content=\"hu_HU\" \/>\n<meta property=\"og:type\" content=\"article\" \/>\n<meta property=\"og:title\" content=\"Sz\u00e1ll\u00e1s-\u00e9tkez\u00e9s-eco\" \/>\n<meta property=\"og:description\" content=\"Calendula klinika &#8211; ECO H\u00e1z Szob\u00e1k Fenntarthat\u00f3 ayurv\u00e9dikus sz\u00e1ll\u00e1s Si\u00f3fokon Calendula ECO H\u00e1z A Calendula ECO H\u00e1z olyan sz\u00e1ll\u00e1slehet\u0151s\u00e9g, amely nemcsak testi-lelki, hanem \u00f6kol\u00f3giai egyens\u00falyra is t\u00f6rekszik. Modern, energiatakar\u00e9kos megold\u00e1sok, term\u00e9szetk\u00f6zeli nyugalom \u00e9s ayurv\u00e9dikus szeml\u00e9let v\u00e1rja az ide \u00e9rkez\u0151 vend\u00e9geket.A Calendula ECO H\u00e1z korszer\u0171 \u00e9p\u00fclete bioklimatikus szeml\u00e9letben \u00e9p\u00fclt: alacsony energiafelhaszn\u00e1l\u00e1s\u00fa, napenergi\u00e1t hasznos\u00edt, \u00e9s kiv\u00e1l\u00f3an illeszkedik [&hellip;]\" \/>\n<meta property=\"og:url\" content=\"https:\/\/calendula.hu\/hu\/szallas-etkezes-eco\/\" \/>\n<meta property=\"og:site_name\" content=\"Calendula Klinika - Si\u00f3fok\" \/>\n<meta property=\"article:modified_time\" content=\"2026-04-07T08:46:30+00:00\" \/>\n<meta property=\"og:image\" content=\"https:\/\/calendula.hu\/wp-content\/uploads\/2023\/03\/CALENDULA_311.jpg\" \/>\n<meta name=\"twitter:card\" content=\"summary_large_image\" \/>\n<meta name=\"twitter:label1\" content=\"Becs\u00fclt olvas\u00e1si id\u0151\" \/>\n\t<meta name=\"twitter:data1\" content=\"4 perc\" \/>\n<script type=\"application\/ld+json\" class=\"yoast-schema-graph\">{\"@context\":\"https:\\\/\\\/schema.org\",\"@graph\":[{\"@type\":\"WebPage\",\"@id\":\"https:\\\/\\\/calendula.hu\\\/szallas-etkezes-eco\\\/\",\"url\":\"https:\\\/\\\/calendula.hu\\\/szallas-etkezes-eco\\\/\",\"name\":\"Sz\u00e1ll\u00e1s-\u00e9tkez\u00e9s-eco - Calendula Klinika - Si\u00f3fok\",\"isPartOf\":{\"@id\":\"https:\\\/\\\/calendula.hu\\\/#website\"},\"primaryImageOfPage\":{\"@id\":\"https:\\\/\\\/calendula.hu\\\/szallas-etkezes-eco\\\/#primaryimage\"},\"image\":{\"@id\":\"https:\\\/\\\/calendula.hu\\\/szallas-etkezes-eco\\\/#primaryimage\"},\"thumbnailUrl\":\"https:\\\/\\\/calendula.hu\\\/wp-content\\\/uploads\\\/2023\\\/03\\\/CALENDULA_311.jpg\",\"datePublished\":\"2023-02-05T10:52:36+00:00\",\"dateModified\":\"2026-04-07T08:46:30+00:00\",\"breadcrumb\":{\"@id\":\"https:\\\/\\\/calendula.hu\\\/szallas-etkezes-eco\\\/#breadcrumb\"},\"inLanguage\":\"hu\",\"potentialAction\":[{\"@type\":\"ReadAction\",\"target\":[\"https:\\\/\\\/calendula.hu\\\/szallas-etkezes-eco\\\/\"]}]},{\"@type\":\"ImageObject\",\"inLanguage\":\"hu\",\"@id\":\"https:\\\/\\\/calendula.hu\\\/szallas-etkezes-eco\\\/#primaryimage\",\"url\":\"https:\\\/\\\/calendula.hu\\\/wp-content\\\/uploads\\\/2023\\\/03\\\/CALENDULA_311.jpg\",\"contentUrl\":\"https:\\\/\\\/calendula.hu\\\/wp-content\\\/uploads\\\/2023\\\/03\\\/CALENDULA_311.jpg\"},{\"@type\":\"BreadcrumbList\",\"@id\":\"https:\\\/\\\/calendula.hu\\\/szallas-etkezes-eco\\\/#breadcrumb\",\"itemListElement\":[{\"@type\":\"ListItem\",\"position\":1,\"name\":\"Home\",\"item\":\"https:\\\/\\\/calendula.hu\\\/\"},{\"@type\":\"ListItem\",\"position\":2,\"name\":\"Sz\u00e1ll\u00e1s-\u00e9tkez\u00e9s-eco\"}]},{\"@type\":\"WebSite\",\"@id\":\"https:\\\/\\\/calendula.hu\\\/#website\",\"url\":\"https:\\\/\\\/calendula.hu\\\/\",\"name\":\"Calendula Klinika - Si\u00f3fok\",\"description\":\"\",\"potentialAction\":[{\"@type\":\"SearchAction\",\"target\":{\"@type\":\"EntryPoint\",\"urlTemplate\":\"https:\\\/\\\/calendula.hu\\\/?s={search_term_string}\"},\"query-input\":{\"@type\":\"PropertyValueSpecification\",\"valueRequired\":true,\"valueName\":\"search_term_string\"}}],\"inLanguage\":\"hu\"}]}<\/script>\n<!-- \/ Yoast SEO Premium plugin. -->","yoast_head_json":{"title":"Sz\u00e1ll\u00e1s-\u00e9tkez\u00e9s-eco - Calendula Klinika - Si\u00f3fok","robots":{"index":"index","follow":"follow","max-snippet":"max-snippet:-1","max-image-preview":"max-image-preview:large","max-video-preview":"max-video-preview:-1"},"canonical":"https:\/\/calendula.hu\/hu\/szallas-etkezes-eco\/","og_locale":"hu_HU","og_type":"article","og_title":"Sz\u00e1ll\u00e1s-\u00e9tkez\u00e9s-eco","og_description":"Calendula klinika &#8211; ECO H\u00e1z Szob\u00e1k Fenntarthat\u00f3 ayurv\u00e9dikus sz\u00e1ll\u00e1s Si\u00f3fokon Calendula ECO H\u00e1z A Calendula ECO H\u00e1z olyan sz\u00e1ll\u00e1slehet\u0151s\u00e9g, amely nemcsak testi-lelki, hanem \u00f6kol\u00f3giai egyens\u00falyra is t\u00f6rekszik. Modern, energiatakar\u00e9kos megold\u00e1sok, term\u00e9szetk\u00f6zeli nyugalom \u00e9s ayurv\u00e9dikus szeml\u00e9let v\u00e1rja az ide \u00e9rkez\u0151 vend\u00e9geket.A Calendula ECO H\u00e1z korszer\u0171 \u00e9p\u00fclete bioklimatikus szeml\u00e9letben \u00e9p\u00fclt: alacsony energiafelhaszn\u00e1l\u00e1s\u00fa, napenergi\u00e1t hasznos\u00edt, \u00e9s kiv\u00e1l\u00f3an illeszkedik [&hellip;]","og_url":"https:\/\/calendula.hu\/hu\/szallas-etkezes-eco\/","og_site_name":"Calendula Klinika - Si\u00f3fok","article_modified_time":"2026-04-07T08:46:30+00:00","og_image":[{"url":"https:\/\/calendula.hu\/wp-content\/uploads\/2023\/03\/CALENDULA_311.jpg","type":"","width":"","height":""}],"twitter_card":"summary_large_image","twitter_misc":{"Becs\u00fclt olvas\u00e1si id\u0151":"4 perc"},"schema":{"@context":"https:\/\/schema.org","@graph":[{"@type":"WebPage","@id":"https:\/\/calendula.hu\/szallas-etkezes-eco\/","url":"https:\/\/calendula.hu\/szallas-etkezes-eco\/","name":"Sz\u00e1ll\u00e1s-\u00e9tkez\u00e9s-eco - Calendula Klinika - Si\u00f3fok","isPartOf":{"@id":"https:\/\/calendula.hu\/#website"},"primaryImageOfPage":{"@id":"https:\/\/calendula.hu\/szallas-etkezes-eco\/#primaryimage"},"image":{"@id":"https:\/\/calendula.hu\/szallas-etkezes-eco\/#primaryimage"},"thumbnailUrl":"https:\/\/calendula.hu\/wp-content\/uploads\/2023\/03\/CALENDULA_311.jpg","datePublished":"2023-02-05T10:52:36+00:00","dateModified":"2026-04-07T08:46:30+00:00","breadcrumb":{"@id":"https:\/\/calendula.hu\/szallas-etkezes-eco\/#breadcrumb"},"inLanguage":"hu","potentialAction":[{"@type":"ReadAction","target":["https:\/\/calendula.hu\/szallas-etkezes-eco\/"]}]},{"@type":"ImageObject","inLanguage":"hu","@id":"https:\/\/calendula.hu\/szallas-etkezes-eco\/#primaryimage","url":"https:\/\/calendula.hu\/wp-content\/uploads\/2023\/03\/CALENDULA_311.jpg","contentUrl":"https:\/\/calendula.hu\/wp-content\/uploads\/2023\/03\/CALENDULA_311.jpg"},{"@type":"BreadcrumbList","@id":"https:\/\/calendula.hu\/szallas-etkezes-eco\/#breadcrumb","itemListElement":[{"@type":"ListItem","position":1,"name":"Home","item":"https:\/\/calendula.hu\/"},{"@type":"ListItem","position":2,"name":"Sz\u00e1ll\u00e1s-\u00e9tkez\u00e9s-eco"}]},{"@type":"WebSite","@id":"https:\/\/calendula.hu\/#website","url":"https:\/\/calendula.hu\/","name":"Calendula Klinika - Si\u00f3fok","description":"","potentialAction":[{"@type":"SearchAction","target":{"@type":"EntryPoint","urlTemplate":"https:\/\/calendula.hu\/?s={search_term_string}"},"query-input":{"@type":"PropertyValueSpecification","valueRequired":true,"valueName":"search_term_string"}}],"inLanguage":"hu"}]}},"_links":{"self":[{"href":"https:\/\/calendula.hu\/hu\/wp-json\/wp\/v2\/pages\/2411","targetHints":{"allow":["GET"]}}],"collection":[{"href":"https:\/\/calendula.hu\/hu\/wp-json\/wp\/v2\/pages"}],"about":[{"href":"https:\/\/calendula.hu\/hu\/wp-json\/wp\/v2\/types\/page"}],"author":[{"embeddable":true,"href":"https:\/\/calendula.hu\/hu\/wp-json\/wp\/v2\/users\/9"}],"replies":[{"embeddable":true,"href":"https:\/\/calendula.hu\/hu\/wp-json\/wp\/v2\/comments?post=2411"}],"version-history":[{"count":129,"href":"https:\/\/calendula.hu\/hu\/wp-json\/wp\/v2\/pages\/2411\/revisions"}],"predecessor-version":[{"id":13105,"href":"https:\/\/calendula.hu\/hu\/wp-json\/wp\/v2\/pages\/2411\/revisions\/13105"}],"wp:attachment":[{"href":"https:\/\/calendula.hu\/hu\/wp-json\/wp\/v2\/media?parent=2411"}],"curies":[{"name":"wp","href":"https:\/\/api.w.org\/{rel}","templated":true}]}}